{"id":685,"date":"2024-11-08T10:26:34","date_gmt":"2024-11-08T10:26:34","guid":{"rendered":"https:\/\/www.laquintajusta.cat\/carta-test\/"},"modified":"2025-10-31T06:08:19","modified_gmt":"2025-10-31T06:08:19","slug":"carta-y-menus","status":"publish","type":"page","link":"https:\/\/www.laquintajusta.cat\/es\/carta-y-menus\/","title":{"rendered":"Carta y men\u00fas"},"content":{"rendered":"[vc_row type=\u00bbfull_width_background\u00bb full_screen_row_position=\u00bbmiddle\u00bb column_margin=\u00bbdefault\u00bb column_direction=\u00bbdefault\u00bb column_direction_tablet=\u00bbdefault\u00bb column_direction_phone=\u00bbdefault\u00bb bg_color=\u00bb#f7f5f0&#8243; scene_position=\u00bbcenter\u00bb top_padding=\u00bb50&#8243; bottom_padding=\u00bb50&#8243; text_color=\u00bbdark\u00bb text_align=\u00bbleft\u00bb row_border_radius=\u00bbnone\u00bb row_border_radius_applies=\u00bbbg\u00bb overflow=\u00bbvisible\u00bb overlay_strength=\u00bb0.3&#8243; gradient_direction=\u00bbleft_to_right\u00bb shape_divider_position=\u00bbbottom\u00bb bg_image_animation=\u00bbnone\u00bb gradient_type=\u00bbdefault\u00bb shape_type=\u00bb\u00bb][vc_column column_padding=\u00bbno-extra-padding\u00bb column_padding_tablet=\u00bbinherit\u00bb column_padding_phone=\u00bbinherit\u00bb column_padding_position=\u00bball\u00bb column_element_direction_desktop=\u00bbdefault\u00bb column_element_spacing=\u00bbdefault\u00bb desktop_text_alignment=\u00bbdefault\u00bb tablet_text_alignment=\u00bbdefault\u00bb phone_text_alignment=\u00bbdefault\u00bb background_color_opacity=\u00bb1&#8243; background_hover_color_opacity=\u00bb1&#8243; column_backdrop_filter=\u00bbnone\u00bb column_shadow=\u00bbnone\u00bb column_border_radius=\u00bbnone\u00bb column_link_target=\u00bb_self\u00bb column_position=\u00bbdefault\u00bb gradient_direction=\u00bbleft_to_right\u00bb overlay_strength=\u00bb0.3&#8243; width=\u00bb1\/1&#8243; tablet_width_inherit=\u00bbdefault\u00bb animation_type=\u00bbdefault\u00bb bg_image_animation=\u00bbnone\u00bb border_type=\u00bbsimple\u00bb column_border_width=\u00bbnone\u00bb column_border_style=\u00bbsolid\u00bb][vc_row_inner column_margin=\u00bbdefault\u00bb column_direction=\u00bbdefault\u00bb column_direction_tablet=\u00bbdefault\u00bb column_direction_phone=\u00bbdefault\u00bb text_align=\u00bbleft\u00bb row_position=\u00bbdefault\u00bb row_position_tablet=\u00bbinherit\u00bb row_position_phone=\u00bbinherit\u00bb overflow=\u00bbvisible\u00bb pointer_events=\u00bball\u00bb id=\u00bbmenu\u00bb][vc_column_inner column_padding=\u00bbno-extra-padding\u00bb column_padding_tablet=\u00bbinherit\u00bb column_padding_phone=\u00bbinherit\u00bb column_padding_position=\u00bball\u00bb column_element_direction_desktop=\u00bbdefault\u00bb column_element_spacing=\u00bbdefault\u00bb desktop_text_alignment=\u00bbdefault\u00bb tablet_text_alignment=\u00bbdefault\u00bb phone_text_alignment=\u00bbdefault\u00bb background_color_opacity=\u00bb1&#8243; background_hover_color_opacity=\u00bb1&#8243; column_backdrop_filter=\u00bbnone\u00bb column_shadow=\u00bbnone\u00bb column_border_radius=\u00bbnone\u00bb column_link_target=\u00bb_self\u00bb overflow=\u00bbvisible\u00bb gradient_direction=\u00bbleft_to_right\u00bb overlay_strength=\u00bb0.3&#8243; width=\u00bb1\/3&#8243; tablet_width_inherit=\u00bbdefault\u00bb animation_type=\u00bbdefault\u00bb bg_image_animation=\u00bbnone\u00bb border_type=\u00bbsimple\u00bb column_border_width=\u00bbnone\u00bb column_border_style=\u00bbsolid\u00bb][\/vc_column_inner][vc_column_inner column_padding=\u00bbpadding-3-percent\u00bb column_padding_tablet=\u00bbinherit\u00bb column_padding_phone=\u00bbinherit\u00bb column_padding_position=\u00bball\u00bb column_element_direction_desktop=\u00bbdefault\u00bb column_element_spacing=\u00bbdefault\u00bb centered_text=\u00bbtrue\u00bb desktop_text_alignment=\u00bbdefault\u00bb tablet_text_alignment=\u00bbdefault\u00bb phone_text_alignment=\u00bbdefault\u00bb background_color_opacity=\u00bb1&#8243; background_hover_color_opacity=\u00bb1&#8243; column_backdrop_filter=\u00bbnone\u00bb font_color=\u00bb#9c8555&#8243; column_shadow=\u00bbnone\u00bb column_border_radius=\u00bbnone\u00bb column_link_target=\u00bb_self\u00bb overflow=\u00bbvisible\u00bb gradient_direction=\u00bbleft_to_right\u00bb overlay_strength=\u00bb0.3&#8243; width=\u00bb1\/3&#8243; tablet_width_inherit=\u00bbdefault\u00bb animation_type=\u00bbdefault\u00bb enable_animation=\u00bbtrue\u00bb animation=\u00bbfade-in\u00bb animation_easing=\u00bbdefault\u00bb bg_image_animation=\u00bbnone\u00bb border_type=\u00bbsimple\u00bb column_border_width=\u00bb2px\u00bb column_border_color=\u00bb#000000&#8243; column_border_style=\u00bbdouble_offset\u00bb enable_border_animation=\u00bbtrue\u00bb column_padding_type=\u00bbdefault\u00bb gradient_type=\u00bbdefault\u00bb][vc_column_text text_direction=\u00bbdefault\u00bb]\n<h3>Carta &amp; men\u00fas<\/h3>\n[\/vc_column_text][\/vc_column_inner][vc_column_inner column_padding=\u00bbno-extra-padding\u00bb column_padding_tablet=\u00bbinherit\u00bb column_padding_phone=\u00bbinherit\u00bb column_padding_position=\u00bball\u00bb column_element_direction_desktop=\u00bbdefault\u00bb column_element_spacing=\u00bbdefault\u00bb desktop_text_alignment=\u00bbdefault\u00bb tablet_text_alignment=\u00bbdefault\u00bb phone_text_alignment=\u00bbdefault\u00bb background_color_opacity=\u00bb1&#8243; background_hover_color_opacity=\u00bb1&#8243; column_backdrop_filter=\u00bbnone\u00bb column_shadow=\u00bbnone\u00bb column_border_radius=\u00bbnone\u00bb column_link_target=\u00bb_self\u00bb overflow=\u00bbvisible\u00bb gradient_direction=\u00bbleft_to_right\u00bb overlay_strength=\u00bb0.3&#8243; width=\u00bb1\/3&#8243; tablet_width_inherit=\u00bbdefault\u00bb animation_type=\u00bbdefault\u00bb bg_image_animation=\u00bbnone\u00bb border_type=\u00bbsimple\u00bb column_border_width=\u00bbnone\u00bb column_border_style=\u00bbsolid\u00bb][\/vc_column_inner][\/vc_row_inner][\/vc_column][\/vc_row][vc_row type=\u00bbfull_width_background\u00bb full_screen_row_position=\u00bbmiddle\u00bb column_margin=\u00bbdefault\u00bb column_direction=\u00bbdefault\u00bb column_direction_tablet=\u00bbdefault\u00bb column_direction_phone=\u00bbdefault\u00bb scene_position=\u00bbcenter\u00bb top_padding=\u00bb100&#8243; constrain_group_1=\u00bbyes\u00bb bottom_padding=\u00bb100&#8243; top_padding_tablet=\u00bb50&#8243; text_color=\u00bbdark\u00bb text_align=\u00bbleft\u00bb row_border_radius=\u00bbnone\u00bb row_border_radius_applies=\u00bbbg\u00bb overflow=\u00bbvisible\u00bb overlay_strength=\u00bb0.3&#8243; gradient_direction=\u00bbleft_to_right\u00bb shape_divider_position=\u00bbbottom\u00bb bg_image_animation=\u00bbnone\u00bb gradient_type=\u00bbdefault\u00bb shape_type=\u00bb\u00bb][vc_column column_padding=\u00bbno-extra-padding\u00bb column_padding_tablet=\u00bbinherit\u00bb column_padding_phone=\u00bbinherit\u00bb column_padding_position=\u00bball\u00bb column_element_direction_desktop=\u00bbdefault\u00bb column_element_spacing=\u00bbdefault\u00bb desktop_text_alignment=\u00bbdefault\u00bb tablet_text_alignment=\u00bbdefault\u00bb phone_text_alignment=\u00bbdefault\u00bb background_color_opacity=\u00bb1&#8243; background_hover_color_opacity=\u00bb1&#8243; column_backdrop_filter=\u00bbnone\u00bb column_shadow=\u00bbnone\u00bb column_border_radius=\u00bbnone\u00bb column_link_target=\u00bb_self\u00bb column_position=\u00bbdefault\u00bb gradient_direction=\u00bbleft_to_right\u00bb overlay_strength=\u00bb0.3&#8243; width=\u00bb1\/1&#8243; tablet_width_inherit=\u00bbdefault\u00bb animation_type=\u00bbdefault\u00bb bg_image_animation=\u00bbnone\u00bb border_type=\u00bbsimple\u00bb column_border_width=\u00bbnone\u00bb column_border_style=\u00bbsolid\u00bb][tabbed_section style=\u00bbminimal_alt\u00bb tab_change_animation=\u00bbfade\u00bb alignment=\u00bbcenter\u00bb spacing=\u00bbdefault\u00bb tab_color=\u00bbAccent-Color\u00bb vs_content_animation=\u00bbfade\u00bb vs_link_animation=\u00bbopacity\u00bb vs_navigation_alignment=\u00bbleft\u00bb vs_navigation_width_2=\u00bb25%\u00bb vs_navigation_func=\u00bbdefault\u00bb vs_navigation_width=\u00bbregular\u00bb vs_navigation_spacing=\u00bb15px\u00bb vs_navigation_mobile_display=\u00bbvisible\u00bb vs_tab_spacing=\u00bb5%\u00bb cta_button_style=\u00bbextra-color-3&#8243; icon_size=\u00bb24&#8243;][tab icon_family=\u00bbnone\u00bb title=\u00bbMen\u00fa del d\u00eda\u00bb id=\u00bb1761231062781-9&#8243; tab_id=\u00bb1761231062782-3&#8243;][vc_row_inner column_margin=\u00bbdefault\u00bb column_direction=\u00bbdefault\u00bb column_direction_tablet=\u00bbdefault\u00bb column_direction_phone=\u00bbdefault\u00bb top_padding=\u00bb30&#8243; text_align=\u00bbleft\u00bb row_position=\u00bbdefault\u00bb row_position_tablet=\u00bbinherit\u00bb row_position_phone=\u00bbinherit\u00bb overflow=\u00bbvisible\u00bb pointer_events=\u00bball\u00bb][vc_column_inner column_padding=\u00bbno-extra-padding\u00bb column_padding_tablet=\u00bbinherit\u00bb column_padding_phone=\u00bbinherit\u00bb column_padding_position=\u00bball\u00bb column_element_direction_desktop=\u00bbdefault\u00bb column_element_spacing=\u00bbdefault\u00bb centered_text=\u00bbtrue\u00bb desktop_text_alignment=\u00bbdefault\u00bb tablet_text_alignment=\u00bbdefault\u00bb phone_text_alignment=\u00bbdefault\u00bb background_color_opacity=\u00bb1&#8243; background_hover_color_opacity=\u00bb1&#8243; column_backdrop_filter=\u00bbnone\u00bb column_shadow=\u00bbnone\u00bb column_border_radius=\u00bbnone\u00bb column_link_target=\u00bb_self\u00bb overflow=\u00bbvisible\u00bb gradient_direction=\u00bbleft_to-right\u00bb overlay_strength=\u00bb0.3&#8243; width=\u00bb1\/1&#8243; tablet_width_inherit=\u00bbdefault\u00bb animation_type=\u00bbdefault\u00bb bg_image_animation=\u00bbnone\u00bb border_type=\u00bbsimple\u00bb column_border_width=\u00bbnone\u00bb column_border_style=\u00bbsolid\u00bb column_padding_type=\u00bbdefault\u00bb type=\u00bbdefault\u00bb][vc_column_text text_direction=\u00bbdefault\u00bb]\n<h3>Men\u00fa del d\u00eda 19,40\u20ac<\/h3>\n[\/vc_column_text][vc_column_text css=\u00bb.vc_custom_1757403198101{margin-bottom: 30px !important;}\u00bb text_direction=\u00bbdefault\u00bb]<em><strong>Men\u00fa de lunes a viernes mediod\u00eda -excepto festivos, mi\u00e9rcoles, jueves, descanso semanal-. <\/strong><\/em><\/p>\n<p>Cocina abierta de 13h a 15h30 y de 20h a 22h30, restaurante abierto de 13h a 17h y de 20h a 0h30.<\/p>\n<p>Este men\u00fa incluye 1\/2 litro de agua mineral <em>(suplemento agua con gas 2,50 \u20ac) <\/em> o 1\/2 litro jarra de vino de la casa y pan de horno de le\u00f1a de los Hostalets. <em>Tenemos a disposici\u00f3n pan sin gluten 1,50 \u20ac.<\/em><\/p>\n<p>No est\u00e1n incluidas cervezas o refrescos. Los men\u00fas no se pueden compartir.[\/vc_column_text][\/vc_column_inner][\/vc_row_inner][vc_row_inner column_margin=\u00bbdefault\u00bb column_direction=\u00bbdefault\u00bb column_direction_tablet=\u00bbdefault\u00bb column_direction_phone=\u00bbdefault\u00bb top_padding=\u00bb30&#8243; text_align=\u00bbleft\u00bb row_position=\u00bbdefault\u00bb row_position_tablet=\u00bbinherit\u00bb row_position_phone=\u00bbinherit\u00bb overflow=\u00bbvisible\u00bb pointer_events=\u00bball\u00bb][vc_column_inner column_padding=\u00bbpadding-4-percent\u00bb column_padding_tablet=\u00bbinherit\u00bb column_padding_phone=\u00bbinherit\u00bb column_padding_position=\u00bball\u00bb column_element_direction_desktop=\u00bbdefault\u00bb column_element_spacing=\u00bbdefault\u00bb desktop_text_alignment=\u00bbdefault\u00bb tablet_text_alignment=\u00bbdefault\u00bb phone_text_alignment=\u00bbdefault\u00bb background_color_opacity=\u00bb1&#8243; background_hover_color_opacity=\u00bb1&#8243; column_backdrop_filter=\u00bbnone\u00bb column_shadow=\u00bbnone\u00bb column_border_radius=\u00bbnone\u00bb column_link_target=\u00bb_self\u00bb overflow=\u00bbvisible\u00bb gradient_direction=\u00bbleft-to-right\u00bb overlay_strength=\u00bb0.3&#8243; width=\u00bb1\/2&#8243; tablet_width_inherit=\u00bbdefault\u00bb animation_type=\u00bbdefault\u00bb enable_animation=\u00bbtrue\u00bb animation=\u00bbfade-in\u00bb animation_easing=\u00bbdefault\u00bb bg_image_animation=\u00bbnone\u00bb border_type=\u00bbsimple\u00bb column_border_width=\u00bbnone\u00bb column_border_style=\u00bbsolid\u00bb border_style=\u00bbsolid\u00bb][\/vc_column_inner][vc_column_inner column_padding=\u00bbpadding-4-percent\u00bb column_padding_tablet=\u00bbinherit\u00bb column_padding_phone=\u00bbinherit\u00bb column_padding_position=\u00bball\u00bb column_element_direction_desktop=\u00bbdefault\u00bb column_element_spacing=\u00bbdefault\u00bb desktop_text_alignment=\u00bbdefault\u00bb tablet_text_alignment=\u00bbdefault\u00bb phone_text_alignment=\u00bbdefault\u00bb background_color_opacity=\u00bb1&#8243; background_hover_color_opacity=\u00bb1&#8243; column_backdrop_filter=\u00bbnone\u00bb column_shadow=\u00bbnone\u00bb column_border_radius=\u00bbnone\u00bb column_link_target=\u00bb_self\u00bb overflow=\u00bbvisible\u00bb gradient_direction=\u00bbleft_to_right\u00bb overlay_strength=\u00bb0.3&#8243; width=\u00bb1\/2&#8243; tablet_width_inherit=\u00bbdefault\u00bb animation_type=\u00bbdefault\u00bb enable_animation=\u00bbtrue\u00bb animation=\u00bbfade-in\u00bb animation_easing=\u00bbdefault\u00bb bg_image_animation=\u00bbnone\u00bb border_type=\u00bbsimple\u00bb column_border_width=\u00bb1px\u00bb column_border_color=\u00bb#f7f5f0&#8243; column_border_style=\u00bbsolid\u00bb enable_border_animation=\u00bbtrue\u00bb border_style=\u00bbsolid\u00bb column_padding_type=\u00bbdefault\u00bb type=\u00bbdefault\u00bb gradient_type=\u00bbdefault\u00bb][nectar_food_menu_item style=\u00bbline_between\u00bb item_name_heading_tag=\u00bbh4&#8243; item_name=\u00bbCopa de vino suplemento blanco Chardonnay Viura\u00bb text=\u00bb$9&#8243; item_price=\u00bb1,90\u20ac\u00bb][nectar_food_menu_item style=\u00bbline_between\u00bb item_name_heading_tag=\u00bbh4&#8243; item_name=\u00bbCopa de vino suplemento tinto Empord\u00e0 Rigau Ros crianza\u00bb text=\u00bb$9&#8243; item_price=\u00bb2,50\u20ac\u00bb][\/vc_column_inner][\/vc_row_inner][vc_row_inner column_margin=\u00bbdefault\u00bb column_direction=\u00bbdefault\u00bb column_direction_tablet=\u00bbdefault\u00bb column_direction_phone=\u00bbdefault\u00bb text_align=\u00bbleft\u00bb row_position=\u00bbdefault\u00bb row_position_tablet=\u00bbinherit\u00bb row_position_phone=\u00bbinherit\u00bb overflow=\u00bbvisible\u00bb pointer_events=\u00bball\u00bb][vc_column_inner column_padding=\u00bbpadding-4-percent\u00bb column_padding_tablet=\u00bbinherit\u00bb column_padding_phone=\u00bbinherit\u00bb column_padding_position=\u00bball\u00bb column_element_direction_desktop=\u00bbdefault\u00bb column_element_spacing=\u00bbdefault\u00bb desktop_text_alignment=\u00bbdefault\u00bb tablet_text_alignment=\u00bbdefault\u00bb phone_text_alignment=\u00bbdefault\u00bb background_color_opacity=\u00bb1&#8243; background_hover_color_opacity=\u00bb1&#8243; column_backdrop_filter=\u00bbnone\u00bb column_shadow=\u00bbnone\u00bb column_border_radius=\u00bbnone\u00bb column_link_target=\u00bb_self\u00bb overflow=\u00bbvisible\u00bb gradient_direction=\u00bbleft-to-right\u00bb overlay_strength=\u00bb0.3&#8243; width=\u00bb1\/2&#8243; tablet_width_inherit=\u00bbdefault\u00bb animation_type=\u00bbdefault\u00bb enable_animation=\u00bbtrue\u00bb animation=\u00bbfade-in\u00bb animation_easing=\u00bbdefault\u00bb bg_image_animation=\u00bbnone\u00bb border_type=\u00bbsimple\u00bb column_border_width=\u00bb1px\u00bb column_border_color=\u00bb#f7f5f0&#8243; column_border_style=\u00bbsolid\u00bb enable_border_animation=\u00bbtrue\u00bb border_radius=\u00bbnone\u00bb border_style=\u00bbsolid\u00bb column_padding_type=\u00bbdefault\u00bb type=\u00bbdefault\u00bb][vc_column_text css=\u00bb.vc_custom_1720553710895{margin-bottom: 30px !important;}\u00bb text_direction=\u00bbdefault\u00bb]\n<h3>Los primeros<\/h3>\n[\/vc_column_text][nectar_food_menu_item style=\u00bbline_between\u00bb item_name_heading_tag=\u00bbh4&#8243; item_name=\u00bbTrinxat de col y patata con tocino.\u00bb text=\u00bb$9&#8243;][nectar_food_menu_item style=\u00bbline_between\u00bb item_name_heading_tag=\u00bbh4&#8243; item_name=\u00bbEnsalada de sabores la Quinta Justa\u00bb text=\u00bb$9&#8243;][nectar_food_menu_item style=\u00bbline_between\u00bb item_name_heading_tag=\u00bbh4&#8243; item_name=\u00bbMacarrones en la cazuela con parmesano.\u00bb text=\u00bb$9&#8243;][nectar_food_menu_item style=\u00bbline_between\u00bb item_name_heading_tag=\u00bbh4&#8243; item_name=\u00bbEnsalada de frutos de oto\u00f1o y queso fresco\u00bb text=\u00bb$9&#8243;][nectar_food_menu_item style=\u00bbline_between\u00bb item_name_heading_tag=\u00bbh4&#8243; item_name=\u00bbCrema de puerro y manzana y huevo cocido a baja temperatura.\u00bb text=\u00bb$9&#8243;][nectar_food_menu_item style=\u00bbline_between\u00bb item_name_heading_tag=\u00bbh4&#8243; item_name=\u00bbEscudella de pay\u00e9s\u00bb text=\u00bb$9&#8243;][nectar_food_menu_item style=\u00bbline_between\u00bb item_name_heading_tag=\u00bbh4&#8243; item_name=\u00bbEnsalada de tomate del Huerto con at\u00fan confitado y aceitunas de kalamata.\u00bb text=\u00bb$9&#8243; item_price=\u00bb2,45 \u20ac\u00bb][nectar_food_menu_item style=\u00bbline_between\u00bb item_name_heading_tag=\u00bbh4&#8243; item_name=\u00bbEnsalada de tomate con mozzarella de b\u00fafala.\u00bb text=\u00bb$9&#8243; item_price=\u00bb2,45 \u20ac\u00bb][nectar_food_menu_item style=\u00bbline_between\u00bb item_name_heading_tag=\u00bbh4&#8243; item_name=\u00bbEscalivada con boquerones de la casa.\u00bb text=\u00bb$9&#8243; item_price=\u00bb2,45 \u20ac\u00bb][nectar_food_menu_item style=\u00bbline_between\u00bb item_name_heading_tag=\u00bbh4&#8243; item_name=\u00bbPatatas de Olot de la casa con ensalada.\u00bb text=\u00bb$9&#8243; item_price=\u00bb2,45 \u20ac\u00bb][\/vc_column_inner][vc_column_inner column_padding=\u00bbpadding-4-percent\u00bb column_padding_tablet=\u00bbinherit\u00bb column_padding_phone=\u00bbinherit\u00bb column_padding_position=\u00bball\u00bb column_element_direction_desktop=\u00bbdefault\u00bb column_element_spacing=\u00bbdefault\u00bb desktop_text_alignment=\u00bbdefault\u00bb tablet_text_alignment=\u00bbdefault\u00bb phone_text_alignment=\u00bbdefault\u00bb background_color_opacity=\u00bb1&#8243; background_hover_color_opacity=\u00bb1&#8243; column_backdrop_filter=\u00bbnone\u00bb column_shadow=\u00bbnone\u00bb column_border_radius=\u00bbnone\u00bb column_link_target=\u00bb_self\u00bb overflow=\u00bbvisible\u00bb gradient_direction=\u00bbleft-to-right\u00bb overlay_strength=\u00bb0.3&#8243; width=\u00bb1\/2&#8243; tablet_width_inherit=\u00bbdefault\u00bb animation_type=\u00bbdefault\u00bb enable_animation=\u00bbtrue\u00bb animation=\u00bbfade-in\u00bb animation_easing=\u00bbdefault\u00bb bg_image_animation=\u00bbnone\u00bb border_type=\u00bbsimple\u00bb column_border_width=\u00bb1px\u00bb column_border_color=\u00bb#f7f5f0&#8243; column_border_style=\u00bbsolid\u00bb enable_border_animation=\u00bbtrue\u00bb border_radius=\u00bbnone\u00bb border_style=\u00bbsolid\u00bb column_padding_type=\u00bbdefault\u00bb type=\u00bbdefault\u00bb][vc_column_text css=\u00bb.vc_custom_1739724517625{margin-bottom: 30px !important;}\u00bb text_direction=\u00bbdefault\u00bb]\n<h3>Los arroces del d\u00eda<\/h3>\n<p>Arroz de l&#8217;Estany de Pals (min. 2 personas, 20 min)[\/vc_column_text][nectar_food_menu_item style=\u00bbline_between\u00bb item_name_heading_tag=\u00bbh4&#8243; item_name=\u00bbArroz de Mar y Monte.\u00bb text=\u00bb$9&#8243; item_description=\u00bbCon costilla melosa, salchichas, sepia y mejillones, en un equilibrio perfecto de sabores.\u00bb][vc_column_text css=\u00bb.vc_custom_1720553721223{margin-bottom: 30px !important;}\u00bb text_direction=\u00bbdefault\u00bb]\n<h3>Los segundos<\/h3>\n[\/vc_column_text][nectar_food_menu_item style=\u00bbline_between\u00bb item_name_heading_tag=\u00bbh4&#8243; item_name=\u00bbSuprema de merluza con aroma c\u00edtricos y verduras.\u00bb text=\u00bb$9&#8243;][nectar_food_menu_item style=\u00bbline_between\u00bb item_name_heading_tag=\u00bbh4&#8243; item_name=\u00bbSardinas de costa a la plancha con ajo y perejil.\u00bb text=\u00bb$9&#8243;][nectar_food_menu_item style=\u00bbline_between\u00bb item_name_heading_tag=\u00bbh4&#8243; item_name=\u00bbMuslo de pollo con patatas nuestras.\u00bb text=\u00bb$9&#8243;][nectar_food_menu_item style=\u00bbline_between\u00bb item_name_heading_tag=\u00bbh4&#8243; item_name=\u00bbHamburguesa de quinoa con hummus de fesols. (vegano)\u00bb text=\u00bb$9&#8243;][nectar_food_menu_item style=\u00bbline_between\u00bb item_name_heading_tag=\u00bbh4&#8243; item_name=\u00bbCostilla confitada y brasa con pur\u00e9 cremoso de patata y salsa de soja.\u00bb text=\u00bb$9&#8243;][nectar_food_menu_item style=\u00bbline_between\u00bb item_name_heading_tag=\u00bbh4&#8243; item_name=\u00bbArroz mar y monta\u00f1a (m\u00edn. 2 personas, 20 min.)\u00bb text=\u00bb$9&#8243;][nectar_food_menu_item style=\u00bbline_between\u00bb item_name_heading_tag=\u00bbh4&#8243; item_name=\u00bbCazuela de fideos con salsichas, costilla de cerdo y s\u00edpia (m\u00edn. 2 personas, 20 min.)\u00bb text=\u00bb$9&#8243; item_price=\u00bb2,45 \u20ac\u00bb][nectar_food_menu_item style=\u00bbline_between\u00bb item_name_heading_tag=\u00bbh4&#8243; item_name=\u00bbArroz seco de Pals con manitas de cerdo y setas. (m\u00edn. 2 personas, 20 min.)\u00bb text=\u00bb$9&#8243; item_price=\u00bb2,45 \u20ac\u00bb][nectar_food_menu_item style=\u00bbline_between\u00bb item_name_heading_tag=\u00bbh4&#8243; item_name=\u00bbSolomillo de bacalao con chanfaina de verduras.\u00bb text=\u00bb$9&#8243; item_price=\u00bb2,45 \u20ac\u00bb][nectar_food_menu_item style=\u00bbline_between\u00bb item_name_heading_tag=\u00bbh4&#8243; item_name=\u00bbTronco de ternera a baja temperatura con cremoso de patata y salsa de rataf\u00eda Russet.\u00bb text=\u00bb$9&#8243; item_price=\u00bb2,45 \u20ac\u00bb][\/vc_column_inner][\/vc_row_inner][vc_row_inner column_margin=\u00bbdefault\u00bb column_direction=\u00bbdefault\u00bb column_direction_tablet=\u00bbdefault\u00bb column_direction_phone=\u00bbdefault\u00bb text_align=\u00bbleft\u00bb row_position=\u00bbdefault\u00bb row_position_tablet=\u00bbinherit\u00bb row_position_phone=\u00bbinherit\u00bb overflow=\u00bbvisible\u00bb pointer_events=\u00bball\u00bb][vc_column_inner column_padding=\u00bbpadding-4-percent\u00bb column_padding_tablet=\u00bbinherit\u00bb column_padding_phone=\u00bbinherit\u00bb column_padding_position=\u00bball\u00bb column_element_direction_desktop=\u00bbdefault\u00bb column_element_spacing=\u00bbdefault\u00bb desktop_text_alignment=\u00bbdefault\u00bb tablet_text_alignment=\u00bbdefault\u00bb phone_text_alignment=\u00bbdefault\u00bb background_color_opacity=\u00bb1&#8243; background_hover_color_opacity=\u00bb1&#8243; column_backdrop_filter=\u00bbnone\u00bb column_shadow=\u00bbnone\u00bb column_border_radius=\u00bbnone\u00bb column_link_target=\u00bb_self\u00bb overflow=\u00bbvisible\u00bb gradient_direction=\u00bbleft-to-right\u00bb overlay_strength=\u00bb0.3&#8243; width=\u00bb1\/2&#8243; tablet_width_inherit=\u00bbdefault\u00bb animation_type=\u00bbdefault\u00bb enable_animation=\u00bbtrue\u00bb animation=\u00bbfade-in\u00bb animation_easing=\u00bbdefault\u00bb bg_image_animation=\u00bbnone\u00bb border_type=\u00bbsimple\u00bb column_border_width=\u00bbnone\u00bb column_border_style=\u00bbsolid\u00bb enable_border_animation=\u00bbtrue\u00bb backdrop_filter=\u00bbnone\u00bb shadow=\u00bbnone\u00bb border_radius=\u00bbnone\u00bb easing=\u00bbdefault\u00bb border_width=\u00bb1px\u00bb border_color=\u00bb#f7f5f0&#8243; border_style=\u00bbsolid\u00bb column_padding_type=\u00bbdefault\u00bb type=\u00bbdefault\u00bb][vc_column_text css=\u00bb.vc_custom_1720553860466{margin-bottom: 30px !important;}\u00bb text_direction=\u00bbdefault\u00bb]\n<h3>Y de dulce<\/h3>\n[\/vc_column_text][nectar_food_menu_item style=\u00bbline_between\u00bb item_name_heading_tag=\u00bbh4&#8243; item_name=\u00bbYogur de La Fageda con toppings y mermeladas\u00bb text=\u00bb$9&#8243;][nectar_food_menu_item style=\u00bbline_between\u00bb item_name_heading_tag=\u00bbh4&#8243; item_name=\u00bbPanna cotta de nata y vainilla con coulis de fresas\u00bb text=\u00bb$9&#8243;][nectar_food_menu_item style=\u00bbline_between\u00bb item_name_heading_tag=\u00bbh4&#8243; item_name=\u00bbFlan de leche de coco\u00bb text=\u00bb$9&#8243;][nectar_food_menu_item style=\u00bbline_between\u00bb item_name_heading_tag=\u00bbh4&#8243; item_name=\u00bbReques\u00f3n de la casa con crumble de nueces.\u00bb text=\u00bb$9&#8243;][nectar_food_menu_item style=\u00bbline_between\u00bb item_name_heading_tag=\u00bbh4&#8243; item_name=\u00bbCrema catalana quemada de la casa\u00bb text=\u00bb$9&#8243;][nectar_food_menu_item style=\u00bbline_between\u00bb item_name_heading_tag=\u00bbh4&#8243; item_name=\u00bbSurtido de fruta natural.\u00bb text=\u00bb$9&#8243;][nectar_food_menu_item style=\u00bbline_between\u00bb item_name_heading_tag=\u00bbh4&#8243; item_name=\u00bbTarta de queso fresco de cabra Bauma.\u00bb text=\u00bb$9&#8243; item_description=\u00bbD\u00e9jate sorprender con nuestras tartas caseras, hechas cada d\u00eda. \u00a1Consulta las opciones disponibles!\u00bb][nectar_food_menu_item style=\u00bbline_between\u00bb item_name_heading_tag=\u00bbh4&#8243; item_name=\u00bbPastel casero del carro de postre.\u00bb text=\u00bb$9&#8243; item_description=\u00bbD\u00e9jate sorprender con nuestras tartas caseras, hechas cada d\u00eda. \u00a1Consulta las opciones disponibles!\u00bb][\/vc_column_inner][vc_column_inner column_padding=\u00bbpadding-4-percent\u00bb column_padding_tablet=\u00bbinherit\u00bb column_padding_phone=\u00bbinherit\u00bb column_padding_position=\u00bball\u00bb column_element_direction_desktop=\u00bbdefault\u00bb column_element_spacing=\u00bbdefault\u00bb desktop_text_alignment=\u00bbdefault\u00bb tablet_text_alignment=\u00bbdefault\u00bb phone_text_alignment=\u00bbdefault\u00bb background_color_opacity=\u00bb1&#8243; background_hover_color_opacity=\u00bb1&#8243; column_backdrop_filter=\u00bbnone\u00bb column_shadow=\u00bbnone\u00bb column_border_radius=\u00bbnone\u00bb column_link_target=\u00bb_self\u00bb overflow=\u00bbvisible\u00bb gradient_direction=\u00bbleft-to-right\u00bb overlay_strength=\u00bb0.3&#8243; width=\u00bb1\/2&#8243; tablet_width_inherit=\u00bbdefault\u00bb animation_type=\u00bbdefault\u00bb enable_animation=\u00bbtrue\u00bb animation=\u00bbfade-in\u00bb animation_easing=\u00bbdefault\u00bb bg_image_animation=\u00bbnone\u00bb border_type=\u00bbsimple\u00bb column_border_width=\u00bbnone\u00bb column_border_style=\u00bbsolid\u00bb backdrop_filter=\u00bbnone\u00bb shadow=\u00bbnone\u00bb border_radius=\u00bbnone\u00bb easing=\u00bbdefault\u00bb border_width=\u00bb1px\u00bb border_color=\u00bb#f7f5f0&#8243; border_style=\u00bbsolid\u00bb border_animation=\u00bbtrue\u00bb column_padding_type=\u00bbdefault\u00bb type=\u00bbdefault\u00bb][vc_column_text css=\u00bb.vc_custom_1720554069881{margin-bottom: 30px !important;}\u00bb text_direction=\u00bbdefault\u00bb]\n<h3>Y para acompa\u00f1ar la comida te recomendamos<\/h3>\n[\/vc_column_text][nectar_food_menu_item style=\u00bbline_between\u00bb item_name_heading_tag=\u00bbh4&#8243; item_name=\u00bb1423 Reserva. Vegano.\u00bb text=\u00bb$9&#8243; item_price=\u00bb18,50 \u20ac\u00bb item_description=\u00bbGarnatxa y Tempranillo. Tinto D.O Navarra. Bodega Pr\u00edncipe de Viana\u00bb][\/vc_column_inner][\/vc_row_inner][\/tab][tab icon_family=\u00bbnone\u00bb title=\u00bbEl men\u00fa recorrido volc\u00e1nico\u00bb id=\u00bb1761231063406-7&#8243; tab_id=\u00bb1761231063407-5&#8243;][vc_row_inner column_margin=\u00bbdefault\u00bb column_direction=\u00bbdefault\u00bb column_direction_tablet=\u00bbdefault\u00bb column_direction_phone=\u00bbdefault\u00bb top_padding=\u00bb30&#8243; text_align=\u00bbleft\u00bb row_position=\u00bbdefault\u00bb row_position_tablet=\u00bbinherit\u00bb row_position_phone=\u00bbinherit\u00bb overflow=\u00bbvisible\u00bb pointer_events=\u00bball\u00bb][vc_column_inner column_padding=\u00bbno-extra-padding\u00bb column_padding_tablet=\u00bbinherit\u00bb column_padding_phone=\u00bbinherit\u00bb column_padding_position=\u00bball\u00bb column_element_direction_desktop=\u00bbdefault\u00bb column_element_spacing=\u00bbdefault\u00bb centered_text=\u00bbtrue\u00bb desktop_text_alignment=\u00bbdefault\u00bb tablet_text_alignment=\u00bbdefault\u00bb phone_text_alignment=\u00bbdefault\u00bb background_color_opacity=\u00bb1&#8243; background_hover_color_opacity=\u00bb1&#8243; column_backdrop_filter=\u00bbnone\u00bb column_shadow=\u00bbnone\u00bb column_border_radius=\u00bbnone\u00bb column_link_target=\u00bb_self\u00bb overflow=\u00bbvisible\u00bb gradient_direction=\u00bbleft_to_right\u00bb overlay_strength=\u00bb0.3&#8243; width=\u00bb1\/1&#8243; tablet_width_inherit=\u00bbdefault\u00bb animation_type=\u00bbdefault\u00bb bg_image_animation=\u00bbnone\u00bb border_type=\u00bbsimple\u00bb column_border_width=\u00bbnone\u00bb column_border_style=\u00bbsolid\u00bb backdrop_filter=\u00bbnone\u00bb shadow=\u00bbnone\u00bb border_radius=\u00bbnone\u00bb direction=\u00bbleft-to-right\u00bb strength=\u00bb0.3&#8243; inherit=\u00bbdefault\u00bb type=\u00bbdefault\u00bb style=\u00bbsolid\u00bb][vc_column_text text_direction=\u00bbdefault\u00bb]\n<h3>El men\u00fa recorrido volc\u00e1nico 40,50 \u20ac<\/h3>\n[\/vc_column_text][vc_column_text css=\u00bb.vc_custom_1760608265761{margin-bottom: 30px !important;}\u00bb text_direction=\u00bbdefault\u00bb]<strong><em>Men\u00fa disponible fines de semana y noches entre semana<\/em><\/strong><\/p>\n<p><strong>Mesa completa (m\u00ednimo 2 personas)<\/strong><\/p>\n<p>Un resumen con formato de catas de la carta y un recorrido a los productos de Cocina Volc\u00e1nica en el que est\u00e1 incluido 1\/2 litro de agua mineral y pan del horno de le\u00f1a de Els Hostalets d&#8217;en Bas.<\/p>\n<p>Los men\u00fas no se pueden compartir. Su oferta puede variar seg\u00fan temporada o recomendaci\u00f3n del chef.<\/p>\n<p>No se servir\u00e1 el men\u00fa m\u00e1s all\u00e1 de las 14.45 y las 21.45. Gracias<\/p>\n<p>Este men\u00fa se adaptar\u00e1 con platos vegetarinas\/veganos y\/u otras solicitudes solo con previo encargo.[\/vc_column_text][vc_column_text css=\u00bb.vc_custom_1760608374489{margin-bottom: 30px !important;}\u00bb text_direction=\u00bbdefault\u00bb]Un viaje por la Garrotxa, bocado a bocado.<\/p>\n<p>Empezamos el camino a Mas Farr\u00f3, donde el aroma intenso del queso serrado de oveja se presenta en forma de piruleta: un homenaje a los pastos que dominan los valles.<\/p>\n<p>Seguimos por el Valle de Bianya, con los bastoncillos de farro que se encuentran con el trigo sarraceno de Batet de la Serra, y juntos se apoyan en la suavidad de un hummus de jud\u00edas de Santa Pau: la fuerza de la tierra hecha ternura.<\/p>\n<p>Desembocamos en la llanura con el aire de mar en la mejilla: ostra con pepinillo y la flor de verduras de la Ca\u00f1a, redondeada con el\u00a0 salino del garum.<\/p>\n<p>Un producto de oto\u00f1o como las baquetas y rebozuelos con un cl\u00e1sico de amoroso y delicioso como la carne del perol.<\/p>\n<p>Continunamos con el huerto de verduras la Canyay el oto\u00f1o con sus calabazas con huevos de gallinas eco y queso azul de la \u00abXiquella\u00bb.<\/p>\n<p>La patata de Olot, sin artificios, es la voz directa de un pueblo que ama a su tub\u00e9rculo m\u00e1s preciado. Sencilla, pero imprescindible.<\/p>\n<p>Nos detenemos ante una lata de arroz de Pals, versi\u00f3n de mar y monta\u00f1a, con papada confitada, calamar de potera y cepas: el bosque y el puerto, en la mesa.<\/p>\n<p>Y terminamos la ruta con dulzura: la torrija de Rosc\u00f3n de Olot de Can Carbasseres, con helado de rataf\u00eda y cremoso de chocolate blanco. Una celebraci\u00f3n de la tradici\u00f3n, pasada por el coraz\u00f3n y el fuego.[\/vc_column_text][\/vc_column_inner][\/vc_row_inner][vc_row_inner column_margin=\u00bbdefault\u00bb column_direction=\u00bbdefault\u00bb column_direction_tablet=\u00bbdefault\u00bb column_direction_phone=\u00bbdefault\u00bb text_align=\u00bbleft\u00bb row_position=\u00bbdefault\u00bb row_position_tablet=\u00bbinherit\u00bb row_position_phone=\u00bbinherit\u00bb overflow=\u00bbvisible\u00bb pointer_events=\u00bball\u00bb events=\u00bball\u00bb][vc_column_inner column_padding=\u00bbpadding-4-percent\u00bb column_padding_tablet=\u00bbinherit\u00bb column_padding_phone=\u00bbinherit\u00bb column_padding_position=\u00bball\u00bb column_element_direction_desktop=\u00bbdefault\u00bb column_element_spacing=\u00bbdefault\u00bb desktop_text_alignment=\u00bbdefault\u00bb tablet_text_alignment=\u00bbdefault\u00bb phone_text_alignment=\u00bbdefault\u00bb background_color_opacity=\u00bb1&#8243; background_hover_color_opacity=\u00bb1&#8243; column_backdrop_filter=\u00bbnone\u00bb column_shadow=\u00bbnone\u00bb column_border_radius=\u00bbnone\u00bb column_link_target=\u00bb_self\u00bb overflow=\u00bbvisible\u00bb gradient_direction=\u00bbleft_to_right\u00bb overlay_strength=\u00bb0.3&#8243; width=\u00bb1\/2&#8243; tablet_width_inherit=\u00bbdefault\u00bb animation_type=\u00bbdefault\u00bb bg_image_animation=\u00bbnone\u00bb border_type=\u00bbsimple\u00bb column_border_width=\u00bb1px\u00bb column_border_color=\u00bb#f7f5f0&#8243; column_border_style=\u00bbsolid\u00bb enable_border_animation=\u00bbtrue\u00bb backdrop_filter=\u00bbnone\u00bb shadow=\u00bbnone\u00bb border_radius=\u00bbnone\u00bb link_target=\u00bb_self\u00bb direction=\u00bbleft-to-right\u00bb strength=\u00bb0.3&#8243; inherit=\u00bbdefault\u00bb type=\u00bbdefault\u00bb easing=\u00bbdefault\u00bb color=\u00bb#f7f5f0&#8243; style=\u00bbsolid\u00bb column_padding_type=\u00bbdefault\u00bb gradient_type=\u00bbdefault\u00bb]<div class=\"nectar-fancy-ul\" data-list-icon=\"icon-salient-thin-line\" data-animation=\"true\" data-animation-delay=\"0\" data-color=\"accent-color\" data-spacing=\"default\" data-alignment=\"left\"> \n<ul>\n<li>Piruleta de queso serrado de Ovella \u201cMas Farr\u00f3\u201d<\/li>\n<li>Bastoncillos de farro del Valle de Bianya y trigo sarraceno de Batet de la Serra con hummus de fesols de Santa Pau.<\/li>\n<li>La Ostra con pepinillo y su flor de \u00abVerdures la Canya\u00bb con garum.<\/li>\n<\/ul>\n <\/div>[\/vc_column_inner][vc_column_inner column_padding=\u00bbpadding-4-percent\u00bb column_padding_tablet=\u00bbinherit\u00bb column_padding_phone=\u00bbinherit\u00bb column_padding_position=\u00bball\u00bb column_element_direction_desktop=\u00bbdefault\u00bb column_element_spacing=\u00bbdefault\u00bb desktop_text_alignment=\u00bbdefault\u00bb tablet_text_alignment=\u00bbdefault\u00bb phone_text_alignment=\u00bbdefault\u00bb background_color_opacity=\u00bb1&#8243; background_hover_color_opacity=\u00bb1&#8243; column_backdrop_filter=\u00bbnone\u00bb column_shadow=\u00bbnone\u00bb column_border_radius=\u00bbnone\u00bb column_link_target=\u00bb_self\u00bb overflow=\u00bbvisible\u00bb gradient_direction=\u00bbleft_to_right\u00bb overlay_strength=\u00bb0.3&#8243; width=\u00bb1\/2&#8243; tablet_width_inherit=\u00bbdefault\u00bb animation_type=\u00bbdefault\u00bb bg_image_animation=\u00bbnone\u00bb border_type=\u00bbsimple\u00bb column_border_width=\u00bb1px\u00bb column_border_color=\u00bb#f7f5f0&#8243; column_border_style=\u00bbsolid\u00bb enable_border_animation=\u00bbtrue\u00bb backdrop_filter=\u00bbnone\u00bb shadow=\u00bbnone\u00bb border_radius=\u00bbnone\u00bb link_target=\u00bb_self\u00bb direction=\u00bbleft-to-right\u00bb strength=\u00bb0.3&#8243; inherit=\u00bbdefault\u00bb type=\u00bbdefault\u00bb easing=\u00bbdefault\u00bb color=\u00bb#f7f5f0&#8243; style=\u00bbsolid\u00bb column_padding_type=\u00bbdefault\u00bb gradient_type=\u00bbdefault\u00bb]<div class=\"nectar-fancy-ul\" data-list-icon=\"icon-salient-thin-line\" data-animation=\"false\" data-animation-delay=\"0\" data-color=\"accent-color\" data-spacing=\"default\" data-alignment=\"left\"> \n<ul>\n<li>(Baquetas) rebozuelos con carne del perol.<\/li>\n<li>Pur\u00e9 de calabaza de l&#8217;Hort asada con hierbas con huevo eco \u201cMas Castanyer\u201d a baja temperatura y queso azul de \u201cla Xiquella\u201d.<\/li>\n<li>La patata de Olot.<\/li>\n<\/ul>\n <\/div>[\/vc_column_inner][\/vc_row_inner][vc_row_inner column_margin=\u00bbdefault\u00bb column_direction=\u00bbdefault\u00bb column_direction_tablet=\u00bbdefault\u00bb column_direction_phone=\u00bbdefault\u00bb text_align=\u00bbleft\u00bb row_position=\u00bbdefault\u00bb row_position_tablet=\u00bbinherit\u00bb row_position_phone=\u00bbinherit\u00bb overflow=\u00bbvisible\u00bb pointer_events=\u00bball\u00bb events=\u00bball\u00bb][vc_column_inner column_padding=\u00bbpadding-4-percent\u00bb column_padding_tablet=\u00bbinherit\u00bb column_padding_phone=\u00bbinherit\u00bb column_padding_position=\u00bball\u00bb column_element_direction_desktop=\u00bbdefault\u00bb column_element_spacing=\u00bbdefault\u00bb desktop_text_alignment=\u00bbdefault\u00bb tablet_text_alignment=\u00bbdefault\u00bb phone_text_alignment=\u00bbdefault\u00bb background_color_opacity=\u00bb1&#8243; background_hover_color_opacity=\u00bb1&#8243; column_backdrop_filter=\u00bbnone\u00bb column_shadow=\u00bbnone\u00bb column_border_radius=\u00bbnone\u00bb column_link_target=\u00bb_self\u00bb overflow=\u00bbvisible\u00bb gradient_direction=\u00bbleft_to_right\u00bb overlay_strength=\u00bb0.3&#8243; width=\u00bb1\/2&#8243; tablet_width_inherit=\u00bbdefault\u00bb animation_type=\u00bbdefault\u00bb bg_image_animation=\u00bbnone\u00bb border_type=\u00bbsimple\u00bb column_border_width=\u00bb1px\u00bb column_border_color=\u00bb#f7f5f0&#8243; column_border_style=\u00bbsolid\u00bb enable_border_animation=\u00bbtrue\u00bb element_direction_desktop=\u00bbdefault\u00bb element_spacing=\u00bbdefault\u00bb backdrop_filter=\u00bbnone\u00bb shadow=\u00bbnone\u00bb border_radius=\u00bbnone\u00bb link_target=\u00bb_self\u00bb direction=\u00bbleft-to-right\u00bb strength=\u00bb0.3&#8243; inherit=\u00bbdefault\u00bb type=\u00bbdefault\u00bb easing=\u00bbdefault\u00bb color=\u00bb#f7f5f0&#8243; style=\u00bbsolid\u00bb column_padding_type=\u00bbdefault\u00bb gradient_type=\u00bbdefault\u00bb]<div class=\"nectar-fancy-ul\" data-list-icon=\"icon-salient-thin-line\" data-animation=\"false\" data-animation-delay=\"0\" data-color=\"accent-color\" data-spacing=\"default\" data-alignment=\"left\"> \n<ul>\n<li>La lata de arroz de Pals de mar y monta\u00f1a con papada confitada, calamar de potera y setas.<\/li>\n<\/ul>\n <\/div>[\/vc_column_inner][vc_column_inner column_padding=\u00bbpadding-4-percent\u00bb column_padding_tablet=\u00bbinherit\u00bb column_padding_phone=\u00bbinherit\u00bb column_padding_position=\u00bball\u00bb column_element_direction_desktop=\u00bbdefault\u00bb column_element_spacing=\u00bbdefault\u00bb desktop_text_alignment=\u00bbdefault\u00bb tablet_text_alignment=\u00bbdefault\u00bb phone_text_alignment=\u00bbdefault\u00bb background_color_opacity=\u00bb1&#8243; background_hover_color_opacity=\u00bb1&#8243; column_backdrop_filter=\u00bbnone\u00bb column_shadow=\u00bbnone\u00bb column_border_radius=\u00bbnone\u00bb column_link_target=\u00bb_self\u00bb overflow=\u00bbvisible\u00bb gradient_direction=\u00bbleft_to_right\u00bb overlay_strength=\u00bb0.3&#8243; width=\u00bb1\/2&#8243; tablet_width_inherit=\u00bbdefault\u00bb animation_type=\u00bbdefault\u00bb bg_image_animation=\u00bbnone\u00bb border_type=\u00bbsimple\u00bb column_border_width=\u00bb1px\u00bb column_border_color=\u00bb#f7f5f0&#8243; column_border_style=\u00bbsolid\u00bb enable_border_animation=\u00bbtrue\u00bb element_direction_desktop=\u00bbdefault\u00bb element_spacing=\u00bbdefault\u00bb backdrop_filter=\u00bbnone\u00bb shadow=\u00bbnone\u00bb border_radius=\u00bbnone\u00bb link_target=\u00bb_self\u00bb direction=\u00bbleft-to-right\u00bb strength=\u00bb0.3&#8243; inherit=\u00bbdefault\u00bb type=\u00bbdefault\u00bb easing=\u00bbdefault\u00bb color=\u00bb#f7f5f0&#8243; style=\u00bbsolid\u00bb column_padding_type=\u00bbdefault\u00bb gradient_type=\u00bbdefault\u00bb]<div class=\"nectar-fancy-ul\" data-list-icon=\"icon-salient-thin-line\" data-animation=\"false\" data-animation-delay=\"0\" data-color=\"accent-color\" data-spacing=\"default\" data-alignment=\"left\"> \n<ul>\n<li>Torrija de Rosc\u00f3n de Olot de Can Carbasseres con helado de rataf\u00eda y cremoso de chocolate blanco.<br \/>\n<em>* Les damos la posibilidad de cambiar los postres por una tabla de quesos de proximidad (suplemento 6 \u20ac).<\/em><\/li>\n<li>Peque\u00f1as locuras volc\u00e1nicas.<\/li>\n<\/ul>\n <\/div>[\/vc_column_inner][\/vc_row_inner][vc_row_inner column_margin=\u00bbdefault\u00bb column_direction=\u00bbdefault\u00bb column_direction_tablet=\u00bbdefault\u00bb column_direction_phone=\u00bbdefault\u00bb text_align=\u00bbleft\u00bb row_position=\u00bbdefault\u00bb row_position_tablet=\u00bbinherit\u00bb row_position_phone=\u00bbinherit\u00bb overflow=\u00bbvisible\u00bb pointer_events=\u00bball\u00bb events=\u00bball\u00bb][vc_column_inner column_padding=\u00bbpadding-4-percent\u00bb column_padding_tablet=\u00bbinherit\u00bb column_padding_phone=\u00bbinherit\u00bb column_padding_position=\u00bball\u00bb column_element_direction_desktop=\u00bbdefault\u00bb column_element_spacing=\u00bbdefault\u00bb desktop_text_alignment=\u00bbdefault\u00bb tablet_text_alignment=\u00bbdefault\u00bb phone_text_alignment=\u00bbdefault\u00bb background_color_opacity=\u00bb1&#8243; background_hover_color_opacity=\u00bb1&#8243; column_backdrop_filter=\u00bbnone\u00bb column_shadow=\u00bbnone\u00bb column_border_radius=\u00bbnone\u00bb column_link_target=\u00bb_self\u00bb overflow=\u00bbvisible\u00bb gradient_direction=\u00bbleft_to_right\u00bb overlay_strength=\u00bb0.3&#8243; width=\u00bb1\/2&#8243; tablet_width_inherit=\u00bbdefault\u00bb animation_type=\u00bbdefault\u00bb bg_image_animation=\u00bbnone\u00bb border_type=\u00bbsimple\u00bb column_border_width=\u00bb1px\u00bb column_border_color=\u00bb#f7f5f0&#8243; column_border_style=\u00bbsolid\u00bb enable_border_animation=\u00bbtrue\u00bb element_direction_desktop=\u00bbdefault\u00bb element_spacing=\u00bbdefault\u00bb backdrop_filter=\u00bbnone\u00bb shadow=\u00bbnone\u00bb border_radius=\u00bbnone\u00bb link_target=\u00bb_self\u00bb direction=\u00bbleft-to-right\u00bb strength=\u00bb0.3&#8243; inherit=\u00bbdefault\u00bb type=\u00bbdefault\u00bb easing=\u00bbdefault\u00bb color=\u00bb#f7f5f0&#8243; style=\u00bbsolid\u00bb column_padding_type=\u00bbdefault\u00bb gradient_type=\u00bbdefault\u00bb][vc_column_text css=\u00bb.vc_custom_1720554714941{margin-bottom: 30px !important;}\u00bb text_direction=\u00bbdefault\u00bb]\n<h3>Selecci\u00f3n de nuestra bodega para maridar el men\u00fa gastron\u00f3mico:<\/h3>\n[\/vc_column_text][nectar_food_menu_item style=\u00bbline_between\u00bb item_name_heading_tag=\u00bbh4&#8243; item_name=\u00bbBlanco. Clarella barrica 2019&#8243; text=\u00bb$9&#8243; item_price=\u00bb24,50 \u20ac\u00bb item_description=\u00bbMacabeo y Riesling. Santa Mar\u00eda de Besora. Bodega Mas Clarella.\u00bb][nectar_food_menu_item style=\u00bbline_between\u00bb item_name_heading_tag=\u00bbh4&#8243; item_name=\u00bbBlanco. Finca Valpiedra 2018. Single Vineyart.\u00bb text=\u00bb$9&#8243; item_price=\u00bb53,90 \u20ac\u00bb item_description=\u00bbViura. 1.072 ampolles. D.O. Rioja. Bodega Finca Valpiedra.\u00bb][nectar_food_menu_item style=\u00bbline_between\u00bb item_name_heading_tag=\u00bbh4&#8243; item_name=\u00bbTinto. Finca Malave\u00efna 2021&#8243; text=\u00bb$9&#8243; item_price=\u00bb30,60 \u20ac\u00bb item_description=\u00bbMerlot, Cabernet Sauvignon, Garnatxa negra y Cabernet Franc. D.O. Empord\u00e0. Bodega Perelada.\u00bb][nectar_food_menu_item style=\u00bbline_between\u00bb item_name_heading_tag=\u00bbh4&#8243; item_name=\u00bbTinto. 1423 Reserva. 2019 Vegano.\u00bb text=\u00bb$9&#8243; item_price=\u00bb18,50 \u20ac\u00bb item_description=\u00bbGarnatxa y Tempranillo. D.O. Navarra. Bodega Pr\u00edncipe de Viana.\u00bb][nectar_food_menu_item style=\u00bbline_between\u00bb item_name_heading_tag=\u00bbh4&#8243; item_name=\u00bbEscumoso. Sambukina Imperium:\u00bb text=\u00bb$9&#8243; item_price=\u00bb21,50 \u20ac\u00bb item_description=\u00bbRelato de las rosas.\u00bb][nectar_food_menu_item style=\u00bbline_between\u00bb item_name_heading_tag=\u00bbh4&#8243; item_name=\u00bbGintonic. Ginebra S4\u00aa-Tun4-23&#8243; text=\u00bb$9&#8243; item_price=\u00bb10,50 \u20ac\u00bb item_description=\u00bbcon t\u00f3nica premium Le Tribute. Costa Brava.\u00bb][\/vc_column_inner][vc_column_inner column_padding=\u00bbpadding-4-percent\u00bb column_padding_tablet=\u00bbinherit\u00bb column_padding_phone=\u00bbinherit\u00bb column_padding_position=\u00bball\u00bb column_element_direction_desktop=\u00bbdefault\u00bb column_element_spacing=\u00bbdefault\u00bb desktop_text_alignment=\u00bbdefault\u00bb tablet_text_alignment=\u00bbdefault\u00bb phone_text_alignment=\u00bbdefault\u00bb background_color_opacity=\u00bb1&#8243; background_hover_color_opacity=\u00bb1&#8243; column_backdrop_filter=\u00bbnone\u00bb column_shadow=\u00bbnone\u00bb column_border_radius=\u00bbnone\u00bb column_link_target=\u00bb_self\u00bb overflow=\u00bbvisible\u00bb gradient_direction=\u00bbleft_to_right\u00bb overlay_strength=\u00bb0.3&#8243; width=\u00bb1\/2&#8243; tablet_width_inherit=\u00bbdefault\u00bb animation_type=\u00bbdefault\u00bb bg_image_animation=\u00bbnone\u00bb border_type=\u00bbsimple\u00bb column_border_width=\u00bbnone\u00bb column_border_style=\u00bbsolid\u00bb element_direction_desktop=\u00bbdefault\u00bb element_spacing=\u00bbdefault\u00bb backdrop_filter=\u00bbnone\u00bb shadow=\u00bbnone\u00bb border_radius=\u00bbnone\u00bb link_target=\u00bb_self\u00bb direction=\u00bbleft-to-right\u00bb strength=\u00bb0.3&#8243; inherit=\u00bbdefault\u00bb type=\u00bbdefault\u00bb easing=\u00bbdefault\u00bb style=\u00bbsolid\u00bb][nectar_btn size=\u00bbsmall\u00bb button_style=\u00bbregular\u00bb button_color_2=\u00bbAccent-Color\u00bb icon_family=\u00bbnone\u00bb text=\u00bbNUESTRA BODEGA\u00bb url=\u00bbhttps:\/\/web.winerim.com\/laquintajusta\u00bb][image_with_animation image_url=\u00bb290&#8243; image_size=\u00bbfull\u00bb animation_type=\u00bbentrance\u00bb animation=\u00bbNone\u00bb animation_movement_type=\u00bbtransform_y\u00bb hover_animation=\u00bbnone\u00bb alignment=\u00bb\u00bb border_radius=\u00bbnone\u00bb box_shadow=\u00bbnone\u00bb image_loading=\u00bbdefault\u00bb max_width=\u00bb100%\u00bb max_width_mobile=\u00bbdefault\u00bb][\/vc_column_inner][\/vc_row_inner][\/tab][tab icon_family=\u00bbnone\u00bb title=\u00bbMen\u00fa Sinf\u00f3nico\u00bb id=\u00bb1761231063817-1&#8243; tab_id=\u00bb1761231063817-7&#8243;][vc_row_inner column_margin=\u00bbdefault\u00bb column_direction=\u00bbdefault\u00bb column_direction_tablet=\u00bbdefault\u00bb column_direction_phone=\u00bbdefault\u00bb top_padding=\u00bb30&#8243; text_align=\u00bbleft\u00bb row_position=\u00bbdefault\u00bb row_position_tablet=\u00bbinherit\u00bb row_position_phone=\u00bbinherit\u00bb overflow=\u00bbvisible\u00bb pointer_events=\u00bball\u00bb events=\u00bball\u00bb][vc_column_inner column_padding=\u00bbno-extra-padding\u00bb column_padding_tablet=\u00bbinherit\u00bb column_padding_phone=\u00bbinherit\u00bb column_padding_position=\u00bball\u00bb column_element_direction_desktop=\u00bbdefault\u00bb column_element_spacing=\u00bbdefault\u00bb centered_text=\u00bbtrue\u00bb desktop_text_alignment=\u00bbdefault\u00bb tablet_text_alignment=\u00bbdefault\u00bb phone_text_alignment=\u00bbdefault\u00bb background_color_opacity=\u00bb1&#8243; background_hover_color_opacity=\u00bb1&#8243; column_backdrop_filter=\u00bbnone\u00bb column_shadow=\u00bbnone\u00bb column_border_radius=\u00bbnone\u00bb column_link_target=\u00bb_self\u00bb overflow=\u00bbvisible\u00bb gradient_direction=\u00bbleft_to_right\u00bb overlay_strength=\u00bb0.3&#8243; width=\u00bbnone\u00bb tablet_width_inherit=\u00bbdefault\u00bb animation_type=\u00bbdefault\u00bb bg_image_animation=\u00bbnone\u00bb border_type=\u00bbsimple\u00bb column_border_width=\u00bbnone\u00bb column_border_style=\u00bbsolid\u00bb backdrop_filter=\u00bbnone\u00bb shadow=\u00bbnone\u00bb border_radius=\u00bbnone\u00bb link_target=\u00bb_self\u00bb direction=\u00bbleft-to-right\u00bb strength=\u00bb0.3&#8243; inherit=\u00bbdefault\u00bb type=\u00bbdefault\u00bb style=\u00bbsolid\u00bb][vc_column_text text_direction=\u00bbdefault\u00bb]\n<h3>Men\u00fa Simf\u00f3nico 29,30\u20ac<\/h3>\n[\/vc_column_text][vc_column_text css=\u00bb.vc_custom_1757584585481{margin-bottom: 30px !important;}\u00bb text_direction=\u00bbdefault\u00bb]<strong><em>Men\u00fa disponible fines de semana y noches entre semana<\/em><\/strong><\/p>\n<p>Un men\u00fa de cocina de mercado<\/p>\n<p>Cocina abierta de 13h a 15h30 y de 20h a 22h30, restaurante abierto de 13h a 17h y de 20h a 00h30.<\/p>\n<p>Si tienen alguna alergia o intolerancia nos lo comuniquen. Los men\u00fas no se pueden compartir.<\/p>\n<p>Est\u00e1 incluido 1\/2 litro de agua mineral <em>(suplemento agua con gas 2,50 \u20ac)\u00a0<\/em>y pan del horno de le\u00f1a de los Hostalets d\u2019en Bas.\u00a0 Tenemos a disposici\u00f3n pan apto para cel\u00edacos 1,50\u20ac.[\/vc_column_text][\/vc_column_inner][\/vc_row_inner][vc_row_inner column_margin=\u00bbdefault\u00bb column_direction=\u00bbdefault\u00bb column_direction_tablet=\u00bbdefault\u00bb column_direction_phone=\u00bbdefault\u00bb text_align=\u00bbleft\u00bb row_position=\u00bbdefault\u00bb row_position_tablet=\u00bbinherit\u00bb row_position_phone=\u00bbinherit\u00bb overflow=\u00bbvisible\u00bb pointer_events=\u00bball\u00bb events=\u00bball\u00bb][vc_column_inner column_padding=\u00bbpadding-4-percent\u00bb column_padding_tablet=\u00bbinherit\u00bb column_padding_phone=\u00bbinherit\u00bb column_padding_position=\u00bball\u00bb column_element_direction_desktop=\u00bbdefault\u00bb column_element_spacing=\u00bbdefault\u00bb desktop_text_alignment=\u00bbdefault\u00bb tablet_text_alignment=\u00bbdefault\u00bb phone_text_alignment=\u00bbdefault\u00bb background_color_opacity=\u00bb1&#8243; background_hover_color_opacity=\u00bb1&#8243; column_backdrop_filter=\u00bbnone\u00bb column_shadow=\u00bbnone\u00bb column_border_radius=\u00bbnone\u00bb column_link_target=\u00bb_self\u00bb overflow=\u00bbvisible\u00bb gradient_direction=\u00bbleft_to_right\u00bb overlay_strength=\u00bb0.3&#8243; width=\u00bb1\/2&#8243; tablet_width_inherit=\u00bbdefault\u00bb animation_type=\u00bbdefault\u00bb bg_image_animation=\u00bbnone\u00bb border_type=\u00bbsimple\u00bb column_border_width=\u00bb1px\u00bb column_border_color=\u00bb#f7f5f0&#8243; column_border_style=\u00bbsolid\u00bb enable_border_animation=\u00bbtrue\u00bb backdrop_filter=\u00bbnone\u00bb shadow=\u00bbnone\u00bb border_radius=\u00bbnone\u00bb link_target=\u00bb_self\u00bb direction=\u00bbleft-to-right\u00bb strength=\u00bb0.3&#8243; inherit=\u00bbdefault\u00bb type=\u00bbdefault\u00bb easing=\u00bbdefault\u00bb color=\u00bb#f7f5f0&#8243; style=\u00bbsolid\u00bb column_padding_type=\u00bbdefault\u00bb gradient_type=\u00bbdefault\u00bb][vc_column_text css=\u00bb.vc_custom_1720555098985{margin-bottom: 30px !important;}\u00bb text_direction=\u00bbdefault\u00bb]\n<h3>Entrantes a escoger<\/h3>\n[\/vc_column_text][nectar_food_menu_item style=\u00bbdefault\u00bb item_name_heading_tag=\u00bbh4&#8243; item_name=\u00bbEnsalada de sabores la Quinta Justa\u00bb][nectar_food_menu_item style=\u00bbdefault\u00bb item_name_heading_tag=\u00bbh4&#8243; item_name=\u00bbEscudella de pay\u00e9s\u00bb][nectar_food_menu_item style=\u00bbdefault\u00bb item_name_heading_tag=\u00bbh4&#8243; item_name=\u00bbHummus de monatio escalivado con crujiente de pan y verduras.\u00bb][nectar_food_menu_item style=\u00bbdefault\u00bb item_name_heading_tag=\u00bbh4&#8243; item_name=\u00bbPatata enmascarada de bull negro y del perol con salsa de setas con ensalada y frijoles.\u00bb][nectar_food_menu_item style=\u00bbdefault\u00bb item_name_heading_tag=\u00bbh4&#8243; item_name=\u00bbSalteado de col de \u00abVerduras la Canya\u00ab con setas de oto\u00f1o, butifarra negra y romesco.\u00bb][nectar_food_menu_item style=\u00bbdefault\u00bb item_name_heading_tag=\u00bbh4&#8243; item_name=\u00bbCrema de puerro y manzana con huevo eco \u00abMas Castanyer\u00ab a baja temperatura.\u00bb][nectar_food_menu_item style=\u00bbdefault\u00bb item_name_heading_tag=\u00bbh4&#8243; item_name=\u00bbNyoquis con pur\u00e9 de calabaza de l&#8217;Hort asada con hierbas y queso azul de \u201cla Xiquella\u201d.\u00bb][nectar_food_menu_item style=\u00bbdefault\u00bb item_name_heading_tag=\u00bbh4&#8243; item_name=\u00bbMejillones de roca con patatas y salsa marinera de siracha y coco.\u00bb][\/vc_column_inner][vc_column_inner column_padding=\u00bbpadding-4-percent\u00bb column_padding_tablet=\u00bbinherit\u00bb column_padding_phone=\u00bbinherit\u00bb column_padding_position=\u00bball\u00bb column_element_direction_desktop=\u00bbdefault\u00bb column_element_spacing=\u00bbdefault\u00bb desktop_text_alignment=\u00bbdefault\u00bb tablet_text_alignment=\u00bbdefault\u00bb phone_text_alignment=\u00bbdefault\u00bb background_color_opacity=\u00bb1&#8243; background_hover_color_opacity=\u00bb1&#8243; column_backdrop_filter=\u00bbnone\u00bb column_shadow=\u00bbnone\u00bb column_border_radius=\u00bbnone\u00bb column_link_target=\u00bb_self\u00bb overflow=\u00bbvisible\u00bb gradient_direction=\u00bbleft_to_right\u00bb overlay_strength=\u00bb0.3&#8243; width=\u00bb1\/2&#8243; tablet_width_inherit=\u00bbdefault\u00bb animation_type=\u00bbdefault\u00bb bg_image_animation=\u00bbnone\u00bb border_type=\u00bbsimple\u00bb column_border_width=\u00bb1px\u00bb column_border_color=\u00bb#f7f5f0&#8243; column_border_style=\u00bbsolid\u00bb enable_border_animation=\u00bbtrue\u00bb backdrop_filter=\u00bbnone\u00bb shadow=\u00bbnone\u00bb border_radius=\u00bbnone\u00bb link_target=\u00bb_self\u00bb direction=\u00bbleft-to-right\u00bb strength=\u00bb0.3&#8243; inherit=\u00bbdefault\u00bb type=\u00bbdefault\u00bb easing=\u00bbdefault\u00bb color=\u00bb#f7f5f0&#8243; style=\u00bbsolid\u00bb column_padding_type=\u00bbdefault\u00bb gradient_type=\u00bbdefault\u00bb][vc_column_text css=\u00bb.vc_custom_1720555134816{margin-bottom: 30px !important;}\u00bb text_direction=\u00bbdefault\u00bb]\n<h3>Segundos a escoger<\/h3>\n[\/vc_column_text][vc_column_text css=\u00bb.vc_custom_1740132329180{margin-bottom: 30px !important;}\u00bb text_direction=\u00bbdefault\u00bb]\n<h3>Los arroces del d\u00eda: Arroz del Estany de Pals (m\u00edn. 2 personas, 20 min.)<\/h3>\n[\/vc_column_text][nectar_food_menu_item style=\u00bbdefault\u00bb item_name_heading_tag=\u00bbh4&#8243; item_name=\u00bbArroz negro de Pals con sepia, guisantes y cigalas.\u00bb][nectar_food_menu_item style=\u00bbdefault\u00bb item_name_heading_tag=\u00bbh4&#8243; item_name=\u00bbArroz seco de Pals con manitas de cerdo con frutos de oto\u00f1o.\u00bb][nectar_food_menu_item style=\u00bbdefault\u00bb item_name_heading_tag=\u00bbh4&#8243; item_name=\u00bbSardinas de lonja a la plancha con ajo y perejil.\u00bb][nectar_food_menu_item style=\u00bbdefault\u00bb item_name_heading_tag=\u00bbh4&#8243; item_name=\u00bbSuprema de merluza con aroma de c\u00edtricos y verduras.\u00bb][nectar_food_menu_item style=\u00bbdefault\u00bb item_name_heading_tag=\u00bbh4&#8243; item_name=\u00bbSuprema de filete de bacalao con sofrito de verduras y tomatitos\u00bb][nectar_food_menu_item style=\u00bbdefault\u00bb item_name_heading_tag=\u00bbh4&#8243; item_name=\u00bbGuiso de codillo de jam\u00f3n con setas de oto\u00f1o, cebollitas y patata\u00bb][nectar_food_menu_item style=\u00bbdefault\u00bb item_name_heading_tag=\u00bbh4&#8243; item_name=\u00bbTronco de ternera a baja temperatura con cremoso de patata y salsa de rataf\u00eda Russet\u00bb][nectar_food_menu_item style=\u00bbdefault\u00bb item_name_heading_tag=\u00bbh4&#8243; item_name=\u00bbCarne de Olla\u00bb][nectar_food_menu_item style=\u00bbdefault\u00bb item_name_heading_tag=\u00bbh4&#8243; item_name=\u00bbButifarra de Can Riera a la brasa con patatas nuestras o fesols\u00bb][nectar_food_menu_item style=\u00bbdefault\u00bb item_name_heading_tag=\u00bbh4&#8243; item_name=\u00bbMuslo de pato con patata asada y salsa de naranja\u00bb item_price=\u00bb+ 3,50 \u20ac\u00bb][nectar_food_menu_item style=\u00bbdefault\u00bb item_name_heading_tag=\u00bbh4&#8243; item_name=\u00bbMuslo de pato confitado con patatas caliu salsa de naranja\u00bb item_price=\u00bb3,50 \u20ac\u00bb][\/vc_column_inner][\/vc_row_inner][vc_row_inner column_margin=\u00bbdefault\u00bb column_direction=\u00bbdefault\u00bb column_direction_tablet=\u00bbdefault\u00bb column_direction_phone=\u00bbdefault\u00bb text_align=\u00bbleft\u00bb row_position=\u00bbdefault\u00bb row_position_tablet=\u00bbinherit\u00bb row_position_phone=\u00bbinherit\u00bb overflow=\u00bbvisible\u00bb pointer_events=\u00bball\u00bb events=\u00bball\u00bb][vc_column_inner column_padding=\u00bbpadding-4-percent\u00bb column_padding_tablet=\u00bbinherit\u00bb column_padding_phone=\u00bbinherit\u00bb column_padding_position=\u00bball\u00bb column_element_direction_desktop=\u00bbdefault\u00bb column_element_spacing=\u00bbdefault\u00bb desktop_text_alignment=\u00bbdefault\u00bb tablet_text_alignment=\u00bbdefault\u00bb phone_text_alignment=\u00bbdefault\u00bb background_color_opacity=\u00bb1&#8243; background_hover_color_opacity=\u00bb1&#8243; column_backdrop_filter=\u00bbnone\u00bb column_shadow=\u00bbnone\u00bb column_border_radius=\u00bbnone\u00bb column_link_target=\u00bb_self\u00bb overflow=\u00bbvisible\u00bb gradient_direction=\u00bbleft_to_right\u00bb overlay_strength=\u00bb0.3&#8243; width=\u00bb1\/2&#8243; tablet_width_inherit=\u00bbdefault\u00bb animation_type=\u00bbdefault\u00bb bg_image_animation=\u00bbnone\u00bb border_type=\u00bbsimple\u00bb column_border_width=\u00bb1px\u00bb column_border_color=\u00bb#f7f5f0&#8243; column_border_style=\u00bbsolid\u00bb enable_border_animation=\u00bbtrue\u00bb element_direction_desktop=\u00bbdefault\u00bb element_spacing=\u00bbdefault\u00bb backdrop_filter=\u00bbnone\u00bb shadow=\u00bbnone\u00bb border_radius=\u00bbnone\u00bb link_target=\u00bb_self\u00bb direction=\u00bbleft-to-right\u00bb strength=\u00bb0.3&#8243; inherit=\u00bbdefault\u00bb type=\u00bbdefault\u00bb easing=\u00bbdefault\u00bb color=\u00bb#f7f5f0&#8243; style=\u00bbsolid\u00bb column_padding_type=\u00bbdefault\u00bb gradient_type=\u00bbdefault\u00bb][vc_column_text css=\u00bb.vc_custom_1720555173792{margin-bottom: 30px !important;}\u00bb text_direction=\u00bbdefault\u00bb]\n<h3>Postres a escoger<\/h3>\n[\/vc_column_text][nectar_food_menu_item style=\u00bbdefault\u00bb item_name_heading_tag=\u00bbh4&#8243; item_name=\u00bbYogur de La Fageda con toppings y mermeladas\u00bb][nectar_food_menu_item style=\u00bbdefault\u00bb item_name_heading_tag=\u00bbh4&#8243; item_name=\u00bbFlan de leche de coco con su helado\u00bb][nectar_food_menu_item style=\u00bbdefault\u00bb item_name_heading_tag=\u00bbh4&#8243; item_name=\u00bbPanna cotta de nata y vainilla con coulis de fresas y helado de chocolate\u00bb][nectar_food_menu_item style=\u00bbdefault\u00bb item_name_heading_tag=\u00bbh4&#8243; item_name=\u00bbCrema catalana quemada con carqui\u00f1oles de farro\u00bb][nectar_food_menu_item style=\u00bbdefault\u00bb item_name_heading_tag=\u00bbh4&#8243; item_name=\u00bbSurtido de fruta natural con sorbete de lim\u00f3n (vegano)\u00bb][nectar_food_menu_item style=\u00bbdefault\u00bb item_name_heading_tag=\u00bbh4&#8243; item_name=\u00bbPastel de la casa.\u00bb][\/vc_column_inner][vc_column_inner column_padding=\u00bbpadding-4-percent\u00bb column_padding_tablet=\u00bbinherit\u00bb column_padding_phone=\u00bbinherit\u00bb column_padding_position=\u00bball\u00bb column_element_direction_desktop=\u00bbdefault\u00bb column_element_spacing=\u00bbdefault\u00bb desktop_text_alignment=\u00bbdefault\u00bb tablet_text_alignment=\u00bbdefault\u00bb phone_text_alignment=\u00bbdefault\u00bb background_color_opacity=\u00bb1&#8243; background_hover_color_opacity=\u00bb1&#8243; column_backdrop_filter=\u00bbnone\u00bb column_shadow=\u00bbnone\u00bb column_border_radius=\u00bbnone\u00bb column_link_target=\u00bb_self\u00bb overflow=\u00bbvisible\u00bb gradient_direction=\u00bbleft_to_right\u00bb overlay_strength=\u00bb0.3&#8243; width=\u00bb1\/2&#8243; tablet_width_inherit=\u00bbdefault\u00bb animation_type=\u00bbdefault\u00bb bg_image_animation=\u00bbnone\u00bb border_type=\u00bbsimple\u00bb column_border_width=\u00bb1px\u00bb column_border_color=\u00bb#f7f5f0&#8243; column_border_style=\u00bbsolid\u00bb enable_border_animation=\u00bbtrue\u00bb element_direction_desktop=\u00bbdefault\u00bb element_spacing=\u00bbdefault\u00bb backdrop_filter=\u00bbnone\u00bb shadow=\u00bbnone\u00bb border_radius=\u00bbnone\u00bb link_target=\u00bb_self\u00bb direction=\u00bbleft-to-right\u00bb strength=\u00bb0.3&#8243; inherit=\u00bbdefault\u00bb type=\u00bbdefault\u00bb easing=\u00bbdefault\u00bb color=\u00bb#f7f5f0&#8243; style=\u00bbsolid\u00bb column_padding_type=\u00bbdefault\u00bb gradient_type=\u00bbdefault\u00bb][vc_column_text css=\u00bb.vc_custom_1720539719296{margin-bottom: 30px !important;}\u00bb text_direction=\u00bbdefault\u00bb]\n<h3>Para acompa\u00f1ar con los postres (5 cl)<\/h3>\n[\/vc_column_text][nectar_food_menu_item style=\u00bbline_between\u00bb item_name_heading_tag=\u00bbh4&#8243; item_name=\u00bbRataf\u00eda Russet\u00bb text=\u00bb$9&#8243; item_price=\u00bb3,40\u20ac\u00bb][nectar_food_menu_item style=\u00bbline_between\u00bb item_name_heading_tag=\u00bbh4&#8243; item_name=\u00bbMoscatel del Empord\u00e0. Celler Espolla\u00bb text=\u00bb$9&#8243; item_price=\u00bb3,00\u20ac\u00bb][nectar_food_menu_item style=\u00bbline_between\u00bb item_name_heading_tag=\u00bbh4&#8243; item_name=\u00bbSinols Garnacha del Empord\u00e0\u00bb text=\u00bb$9&#8243; item_price=\u00bb3,00\u20ac\u00bb][nectar_food_menu_item style=\u00bbline_between\u00bb item_name_heading_tag=\u00bbh4&#8243; item_name=\u00bbM\u00e1laga Virgen Pedro Xim\u00e9nez Sherry, DO Jerez\u00bb text=\u00bb$9&#8243; item_price=\u00bb4,90\u20ac\u00bb][nectar_food_menu_item style=\u00bbline_between\u00bb item_name_heading_tag=\u00bbh4&#8243; item_name=\u00bbPedro Xim\u00e9nez Lustau, DO Jerez\u00bb text=\u00bb$9&#8243; item_price=\u00bb4,90\u20ac\u00bb][nectar_food_menu_item style=\u00bbline_between\u00bb item_name_heading_tag=\u00bbh4&#8243; item_name=\u00bbHarveys Pedro Xim\u00e9nez Sherry, DO Jerez\u00bb text=\u00bb$9&#8243; item_price=\u00bb4,90\u20ac\u00bb][nectar_food_menu_item style=\u00bbline_between\u00bb item_name_heading_tag=\u00bbh4&#8243; item_name=\u00bbDow\u2019s Porto\u00bb text=\u00bb$9&#8243; item_price=\u00bb5,90\u20ac\u00bb][nectar_food_menu_item style=\u00bbline_between\u00bb item_name_heading_tag=\u00bbh4&#8243; item_name=\u00bbSambukina Muskir\u00bb text=\u00bb$9&#8243; item_price=\u00bb22,35\u20ac\u00bb item_description=\u00bb(Edici\u00f3n cer\u00e1mica) 37.5 cl. Fermentaci\u00f3n de una receta de flores y d\u00e1tiles en tina de cer\u00e1mica. Relato del al-\u00c1ndalus. Les Preses.\u00bb][\/vc_column_inner][\/vc_row_inner][vc_column_text css=\u00bb.vc_custom_1720540034313{margin-bottom: 30px !important;}\u00bb text_direction=\u00bbdefault\u00bb]\n<h5>Los envases y bolsas se cobran 0,30 \u20ac por unidad.<\/h5>\n[\/vc_column_text][\/tab][tab icon_family=\u00bbnone\u00bb title=\u00bbLa Carta\u00bb id=\u00bb1761231064319-0&#8243; tab_id=\u00bb1761231064319-5&#8243;][vc_row_inner column_margin=\u00bbdefault\u00bb column_direction=\u00bbdefault\u00bb column_direction_tablet=\u00bbdefault\u00bb column_direction_phone=\u00bbdefault\u00bb top_padding=\u00bb30&#8243; text_align=\u00bbleft\u00bb row_position=\u00bbdefault\u00bb row_position_tablet=\u00bbinherit\u00bb row_position_phone=\u00bbinherit\u00bb overflow=\u00bbvisible\u00bb pointer_events=\u00bball\u00bb][vc_column_inner column_padding=\u00bbno-extra-padding\u00bb column_padding_tablet=\u00bbinherit\u00bb column_padding_phone=\u00bbinherit\u00bb column_padding_position=\u00bball\u00bb column_element_direction_desktop=\u00bbdefault\u00bb column_element_spacing=\u00bbdefault\u00bb centered_text=\u00bbtrue\u00bb desktop_text_alignment=\u00bbdefault\u00bb tablet_text_alignment=\u00bbdefault\u00bb phone_text_alignment=\u00bbdefault\u00bb background_color_opacity=\u00bb1&#8243; background_hover_color_opacity=\u00bb1&#8243; column_backdrop_filter=\u00bbnone\u00bb column_shadow=\u00bbnone\u00bb column_border_radius=\u00bbnone\u00bb column_link_target=\u00bb_self\u00bb overflow=\u00bbvisible\u00bb gradient_direction=\u00bbleft_to_right\u00bb overlay_strength=\u00bb0.3&#8243; width=\u00bb1\/1&#8243; tablet_width_inherit=\u00bbdefault\u00bb animation_type=\u00bbdefault\u00bb bg_image_animation=\u00bbnone\u00bb border_type=\u00bbsimple\u00bb column_border_width=\u00bbnone\u00bb column_border_style=\u00bbsolid\u00bb column_padding_type=\u00bbdefault\u00bb gradient_type=\u00bbdefault\u00bb][vc_column_text css=\u00bb.vc_custom_1726003674718{margin-bottom: 30px !important;}\u00bb text_direction=\u00bbdefault\u00bb]La cocina est\u00e1 abierta de 13h a 15h30 y de 20h a 22h30, restaurante abierto de 13h a 17h y de 20h a 00h30.<br \/>\nSi tienen alguna alergia o intolerancia, comun\u00edquenoslo.<br \/>\n<em>IVA incluido en todos los precios. <\/em>[\/vc_column_text][\/vc_column_inner][\/vc_row_inner][vc_row_inner column_margin=\u00bbdefault\u00bb column_direction=\u00bbdefault\u00bb column_direction_tablet=\u00bbdefault\u00bb column_direction_phone=\u00bbdefault\u00bb text_align=\u00bbleft\u00bb row_position=\u00bbdefault\u00bb row_position_tablet=\u00bbinherit\u00bb row_position_phone=\u00bbinherit\u00bb overflow=\u00bbvisible\u00bb pointer_events=\u00bball\u00bb][vc_column_inner column_padding=\u00bbpadding-4-percent\u00bb column_padding_tablet=\u00bbinherit\u00bb column_padding_phone=\u00bbinherit\u00bb column_padding_position=\u00bball\u00bb column_element_direction_desktop=\u00bbdefault\u00bb column_element_spacing=\u00bbdefault\u00bb desktop_text_alignment=\u00bbdefault\u00bb tablet_text_alignment=\u00bbdefault\u00bb phone_text_alignment=\u00bbdefault\u00bb background_color_opacity=\u00bb1&#8243; background_hover_color_opacity=\u00bb1&#8243; column_backdrop_filter=\u00bbnone\u00bb column_shadow=\u00bbnone\u00bb column_border_radius=\u00bbnone\u00bb column_link_target=\u00bb_self\u00bb overflow=\u00bbvisible\u00bb gradient_direction=\u00bbleft_to_right\u00bb overlay_strength=\u00bb0.3&#8243; width=\u00bb1\/2&#8243; tablet_width_inherit=\u00bbdefault\u00bb animation_type=\u00bbdefault\u00bb enable_animation=\u00bbtrue\u00bb animation=\u00bbfade-in\u00bb animation_easing=\u00bbdefault\u00bb bg_image_animation=\u00bbnone\u00bb border_type=\u00bbsimple\u00bb column_border_width=\u00bb1px\u00bb column_border_color=\u00bb#f7f5f0&#8243; column_border_style=\u00bbsolid\u00bb enable_border_animation=\u00bbtrue\u00bb column_padding_type=\u00bbdefault\u00bb gradient_type=\u00bbdefault\u00bb][vc_column_text css=\u00bb.vc_custom_1740162913261{margin-bottom: 30px !important;}\u00bb text_direction=\u00bbdefault\u00bb]\n<h3>Para picar<\/h3>\n[\/vc_column_text][nectar_food_menu_item style=\u00bbline_between\u00bb item_name_heading_tag=\u00bbh4&#8243; item_name=\u00bbOlivas Perell\u00f3 Gordal o Manzanilla picantes (150 g, sin hueso)\u00bb text=\u00bb$9&#8243; item_price=\u00bb3,95\u20ac\u00bb][nectar_food_menu_item style=\u00bbline_between\u00bb item_name_heading_tag=\u00bbh4&#8243; item_name=\u00bbOlivas rellenas de anchoas\u00bb text=\u00bb$9&#8243; item_price=\u00bb2,90\u20ac\u00bb][nectar_food_menu_item style=\u00bbline_between\u00bb item_name_heading_tag=\u00bbh4&#8243; item_name=\u00bbAnchoas de la casa, 8 filetes\u00bb text=\u00bb$9&#8243; item_price=\u00bb12,10\u20ac\u00bb item_description=\u00bbAnchoas seleccionadas y curadas durante 6 meses, servidas con OOVE del Empord\u00e0 y crujiente de torta de le\u00f1a de Els Hostalets.\u00bb][nectar_food_menu_item style=\u00bbline_between\u00bb item_name_heading_tag=\u00bbh4&#8243; item_name=\u00bbPan tostado con tomate (4 unidades)\u00bb text=\u00bb$9&#8243; item_price=\u00bb3,80 \u20ac\u00bb item_description=\u00bbPan de coca de le\u00f1a, crujiente y arom\u00e1tico, con tomate de colgar y AOVE.\u00bb][nectar_food_menu_item style=\u00bbline_between\u00bb item_name_heading_tag=\u00bbh4&#8243; item_name=\u00bbCoquinas ahogadas en vino blanco\u00bb text=\u00bb$9&#8243; item_price=\u00bb15,40\u20ac\u00bb][nectar_food_menu_item style=\u00bbline_between\u00bb item_name_heading_tag=\u00bbh4&#8243; item_name=\u00bbPaleta ib\u00e9rica con pan tostado y tomate\u00bb text=\u00bb$9&#8243; item_price=\u00bb20,05\u20ac\u00bb][nectar_food_menu_item style=\u00bbline_between\u00bb item_name_heading_tag=\u00bbh4&#8243; item_name=\u00bbLas bravas de la casa\u00bb text=\u00bb$9&#8243; item_price=\u00bb6,10\u20ac\u00bb][nectar_food_menu_item style=\u00bbline_between\u00bb item_name_heading_tag=\u00bbh4&#8243; item_name=\u00bbOstra \u00abLa Belle Hu\u00eetre\u00ab con c\u00edtrico, pimienta y tabasco\u00bb text=\u00bb$9&#8243; item_price=\u00bb5,10 \u20ac\/unidad\u00bb][nectar_food_menu_item style=\u00bbline_between\u00bb item_name_heading_tag=\u00bbh4&#8243; item_name=\u00bbOstra \u00abLa Belle Hu\u00eetre\u00ab plato raci\u00f3n 5 unidades\u00bb text=\u00bb$9&#8243; item_price=\u00bb20,50 \u20ac\u00bb][\/vc_column_inner][vc_column_inner column_padding=\u00bbpadding-4-percent\u00bb column_padding_tablet=\u00bbinherit\u00bb column_padding_phone=\u00bbinherit\u00bb column_padding_position=\u00bball\u00bb column_element_direction_desktop=\u00bbdefault\u00bb column_element_spacing=\u00bbdefault\u00bb desktop_text_alignment=\u00bbdefault\u00bb tablet_text_alignment=\u00bbdefault\u00bb phone_text_alignment=\u00bbdefault\u00bb background_color_opacity=\u00bb1&#8243; background_hover_color_opacity=\u00bb1&#8243; column_backdrop_filter=\u00bbnone\u00bb column_shadow=\u00bbnone\u00bb column_border_radius=\u00bbnone\u00bb column_link_target=\u00bb_self\u00bb overflow=\u00bbvisible\u00bb gradient_direction=\u00bbleft_to_right\u00bb overlay_strength=\u00bb0.3&#8243; width=\u00bb1\/2&#8243; tablet_width_inherit=\u00bbdefault\u00bb animation_type=\u00bbdefault\u00bb enable_animation=\u00bbtrue\u00bb animation=\u00bbfade-in\u00bb animation_easing=\u00bbdefault\u00bb bg_image_animation=\u00bbnone\u00bb border_type=\u00bbsimple\u00bb column_border_width=\u00bb1px\u00bb column_border_color=\u00bb#f7f5f0&#8243; column_border_style=\u00bbsolid\u00bb enable_border_animation=\u00bbtrue\u00bb column_padding_type=\u00bbdefault\u00bb gradient_type=\u00bbdefault\u00bb][vc_column_text css=\u00bb.vc_custom_1740163171821{margin-bottom: 30px !important;}\u00bb text_direction=\u00bbdefault\u00bb]\n<h3>Entrantes<\/h3>\n[\/vc_column_text][nectar_food_menu_item style=\u00bbline_between\u00bb item_name_heading_tag=\u00bbh4&#8243; item_name=\u00bbEnsalada de sabores la Quinta Justa\u00bb text=\u00bb$9&#8243; item_price=\u00bb9,90\u20ac\u00bb item_description=\u00bbMezcla de lechugas con tomate, pimiento, fruta fresca y crujiente de puerro, ensalada con vinagreta de M\u00f3dena y OOVE Siurana.\u00bb][nectar_food_menu_item style=\u00bbline_between\u00bb item_name_heading_tag=\u00bbh4&#8243; item_name=\u00bbEnsalada de tomate del huerto de \u00abVLC\u00ab con mozzarella de b\u00fafala.\u00bb text=\u00bb$9&#8243; item_price=\u00bb14,50 \u20ac\u00bb][nectar_food_menu_item style=\u00bbline_between\u00bb item_name_heading_tag=\u00bbh4&#8243; item_name=\u00bbEnsalada de tomate del Huerto de \u201cVLC\u201d con cebolla y nuestro at\u00fan confitado.\u00bb text=\u00bb$9&#8243; item_price=\u00bb12,50 \u20ac\u00bb][nectar_food_menu_item style=\u00bbline_between\u00bb item_name_heading_tag=\u00bbh4&#8243; item_name=\u00bbHummus de boniato escalivado con crujiente de pan y verduras.\u00bb text=\u00bb$9&#8243; item_price=\u00bb11,70 \u20ac\u00bb][nectar_food_menu_item style=\u00bbline_between\u00bb item_name_heading_tag=\u00bbh4&#8243; item_name=\u00bbEscalivada con anchoas de la casa.\u00bb text=\u00bb$9&#8243; item_price=\u00bb14,50 \u20ac\u00bb][nectar_food_menu_item style=\u00bbline_between\u00bb item_name_heading_tag=\u00bbh4&#8243; item_name=\u00bbPatatas de Olot, 4 unidades\u00bb text=\u00bb$9&#8243; item_price=\u00bb9,20\u20ac\u00bb][nectar_food_menu_item style=\u00bbline_between\u00bb item_name_heading_tag=\u00bbh4&#8243; item_name=\u00bbCaracoles a la cazuela de mar y monte\u00bb text=\u00bb$9&#8243; item_price=\u00bb17,20 \u20ac\u00bb][nectar_food_menu_item style=\u00bbline_between\u00bb item_name_heading_tag=\u00bbh4&#8243; item_name=\u00bbPatata enmascarada con bull negro, butifarra del perol con salsa de setas y escarola y fesols.\u00bb text=\u00bb$9&#8243; item_price=\u00bb14,90 \u20ac\u00bb][nectar_food_menu_item style=\u00bbline_between\u00bb item_name_heading_tag=\u00bbh4&#8243; item_name=\u00bbLaminado de higos con h\u00edgado de pato y reducci\u00f3n de rataf\u00eda.\u00bb text=\u00bb$9&#8243; item_price=\u00bb15,30 \u20ac\u00bb][nectar_food_menu_item style=\u00bbline_between\u00bb item_name_heading_tag=\u00bbh4&#8243; item_name=\u00bbSalteado de col de \u201cVerduras la Ca\u00f1a\u201d con setas de oto\u00f1o, butifarra negra y romesco.\u00bb text=\u00bb$9&#8243; item_price=\u00bb13,60 \u20ac\u00bb][nectar_food_menu_item style=\u00bbline_between\u00bb item_name_heading_tag=\u00bbh4&#8243; item_name=\u00bbSalteado de fesols de Santa Pau con butifarra esparracada\u00bb text=\u00bb$9&#8243; item_price=\u00bb13,60 \u20ac\u00bb][nectar_food_menu_item style=\u00bbline_between\u00bb item_name_heading_tag=\u00bbh4&#8243; item_name=\u00bbCrema de puerro y coco con huevo eco \u201cMas Castanyer\u201d a baja temperatura.\u00bb text=\u00bb$9&#8243; item_price=\u00bb9,90 \u20ac\u00bb][nectar_food_menu_item style=\u00bbline_between\u00bb item_name_heading_tag=\u00bbh4&#8243; item_name=\u00bbCrema de setas de oto\u00f1o  \u00bb text=\u00bb$9&#8243; item_price=\u00bb10,20 \u20ac\u00bb][nectar_food_menu_item style=\u00bbline_between\u00bb item_name_heading_tag=\u00bbh4&#8243; item_name=\u00bbAlcachofas confitadas con crema, panceta confitada y vieira\u00bb text=\u00bb$9&#8243; item_price=\u00bb14,20 \u20ac\u00bb][\/vc_column_inner][\/vc_row_inner][vc_row_inner column_margin=\u00bbdefault\u00bb column_direction=\u00bbdefault\u00bb column_direction_tablet=\u00bbdefault\u00bb column_direction_phone=\u00bbdefault\u00bb text_align=\u00bbleft\u00bb row_position=\u00bbdefault\u00bb row_position_tablet=\u00bbinherit\u00bb row_position_phone=\u00bbinherit\u00bb overflow=\u00bbvisible\u00bb pointer_events=\u00bball\u00bb][vc_column_inner column_padding=\u00bbpadding-4-percent\u00bb column_padding_tablet=\u00bbinherit\u00bb column_padding_phone=\u00bbinherit\u00bb column_padding_position=\u00bball\u00bb column_element_direction_desktop=\u00bbdefault\u00bb column_element_spacing=\u00bbdefault\u00bb desktop_text_alignment=\u00bbdefault\u00bb tablet_text_alignment=\u00bbdefault\u00bb phone_text_alignment=\u00bbdefault\u00bb background_color_opacity=\u00bb1&#8243; background_hover_color_opacity=\u00bb1&#8243; column_backdrop_filter=\u00bbnone\u00bb column_shadow=\u00bbnone\u00bb column_border_radius=\u00bbnone\u00bb column_link_target=\u00bb_self\u00bb overflow=\u00bbvisible\u00bb gradient_direction=\u00bbleft_to_right\u00bb overlay_strength=\u00bb0.3&#8243; width=\u00bb1\/2&#8243; tablet_width_inherit=\u00bbdefault\u00bb animation_type=\u00bbdefault\u00bb enable_animation=\u00bbtrue\u00bb animation=\u00bbfade-in\u00bb animation_easing=\u00bbdefault\u00bb bg_image_animation=\u00bbnone\u00bb border_type=\u00bbsimple\u00bb column_border_width=\u00bb1px\u00bb column_border_color=\u00bb#f7f5f0&#8243; column_border_style=\u00bbsolid\u00bb enable_border_animation=\u00bbtrue\u00bb column_padding_type=\u00bbdefault\u00bb gradient_type=\u00bbdefault\u00bb][vc_column_text css=\u00bb.vc_custom_1740163724940{margin-bottom: 30px !important;}\u00bb text_direction=\u00bbdefault\u00bb]\n<h3>Pastas y arroces<\/h3>\n[\/vc_column_text][nectar_food_menu_item style=\u00bbline_between\u00bb item_name_heading_tag=\u00bbh4&#8243; item_name=\u00bbLos macarrones a la cazuela con parmesano\u00bb text=\u00bb$9&#8243; item_price=\u00bb8,50\u20ac\u00bb][nectar_food_menu_item style=\u00bbline_between\u00bb item_name_heading_tag=\u00bbh4&#8243; item_name=\u00bbCanelones de la abuela con bechamel y queso de oveja\u00bb text=\u00bb$9&#8243; item_price=\u00bb12,20\u20ac\u00bb][nectar_food_menu_item style=\u00bbline_between\u00bb item_name_heading_tag=\u00bbh4&#8243; item_name=\u00bbNyoquis con pur\u00e9 de calabaza de l&#8217;Hort asada con hierbas y queso azul de \u201cla Xiquella\u201d.\u00bb text=\u00bb$9&#8243; item_price=\u00bb12,90\u20ac\u00bb][nectar_food_menu_item style=\u00bbline_between\u00bb item_name_heading_tag=\u00bbh4&#8243; item_name=\u00bbRoseado de fideos con sepia, salchichas, costell\u00f3n y alioli\u00bb text=\u00bb$9&#8243; item_price=\u00bb14,50 \u20ac (Min. 2 pers. 20-25 min.)\u00bb][nectar_food_menu_item style=\u00bbline_between\u00bb item_name_heading_tag=\u00bbh4&#8243; item_name=\u00bbArroz de mar y monta\u00f1a (Arroz de Pals)\u00bb text=\u00bb$9&#8243; item_price=\u00bb18,40 \u20ac\/pers. (M\u00edn. 2 pers., 20-25 min)\u00bb item_description=\u00bbMarisco y carne en una combinaci\u00f3n intensa de sabores.\u00bb][nectar_food_menu_item style=\u00bbline_between\u00bb item_name_heading_tag=\u00bbh4&#8243; item_name=\u00bbLata de arroz seco de verduras y setas (Arroz de Pals)\u00bb text=\u00bb$9&#8243; item_price=\u00bb16,50 \u20ac\/pers. (M\u00edn. 2 pers., 20-25 min)\u00bb item_description=\u00bbCon cal\u00e7ots, alcachofas, habas y guisantes, lleno de aromas de temporada.\u00bb][nectar_food_menu_item style=\u00bbline_between\u00bb item_name_heading_tag=\u00bbh4&#8243; item_name=\u00bbLata de arroz seco con ceps y manitas de cerdo (Arroz de Pals)\u00bb text=\u00bb$9&#8243; item_price=\u00bb16,50 \u20ac\/pers. (M\u00edn. 2 pers., 20-25 min)\u00bb item_description=\u00bbIntenso y meloso, con el contraste de la monta\u00f1a y el bosque.\u00bb][nectar_food_menu_item style=\u00bbline_between\u00bb item_name_heading_tag=\u00bbh4&#8243; item_name=\u00bbNuestros arroces son m\u00ednimo para dos personas, tiempo de elaboraci\u00f3n 20-25 min.)\u00bb text=\u00bb$9&#8243;][\/vc_column_inner][vc_column_inner column_padding=\u00bbpadding-4-percent\u00bb column_padding_tablet=\u00bbinherit\u00bb column_padding_phone=\u00bbinherit\u00bb column_padding_position=\u00bball\u00bb column_element_direction_desktop=\u00bbdefault\u00bb column_element_spacing=\u00bbdefault\u00bb desktop_text_alignment=\u00bbdefault\u00bb tablet_text_alignment=\u00bbdefault\u00bb phone_text_alignment=\u00bbdefault\u00bb background_color_opacity=\u00bb1&#8243; background_hover_color_opacity=\u00bb1&#8243; column_backdrop_filter=\u00bbnone\u00bb column_shadow=\u00bbnone\u00bb column_border_radius=\u00bbnone\u00bb column_link_target=\u00bb_self\u00bb overflow=\u00bbvisible\u00bb gradient_direction=\u00bbleft_to_right\u00bb overlay_strength=\u00bb0.3&#8243; width=\u00bb1\/2&#8243; tablet_width_inherit=\u00bbdefault\u00bb animation_type=\u00bbdefault\u00bb enable_animation=\u00bbtrue\u00bb animation=\u00bbfade-in\u00bb animation_easing=\u00bbdefault\u00bb bg_image_animation=\u00bbnone\u00bb border_type=\u00bbsimple\u00bb column_border_width=\u00bb1px\u00bb column_border_color=\u00bb#f7f5f0&#8243; column_border_style=\u00bbsolid\u00bb enable_border_animation=\u00bbtrue\u00bb column_padding_type=\u00bbdefault\u00bb gradient_type=\u00bbdefault\u00bb][vc_column_text css=\u00bb.vc_custom_1740165615205{margin-bottom: 30px !important;}\u00bb text_direction=\u00bbdefault\u00bb]\n<h3>Carnes y brasa<\/h3>\n[\/vc_column_text][nectar_food_menu_item style=\u00bbline_between\u00bb item_name_heading_tag=\u00bbh4&#8243; item_name=\u00bbManitas de cerdo a la lata con sofrito de tomate y alb\u00f3ndigas\u00bb text=\u00bb$9&#8243; item_price=\u00bb14,90\u20ac\u00bb item_description=\u00bbGuisos con sofrito casero y alb\u00f3ndigas de carne seleccionada\u00bb][nectar_food_menu_item style=\u00bbline_between\u00bb item_name_heading_tag=\u00bbh4&#8243; item_name=\u00bbGuiso de codillo de jam\u00f3n con setas\u00bb text=\u00bb$9&#8243; item_price=\u00bb15,20\u20ac\u00bb item_description=\u00bbMeloso y con el sabor profundo de las setas de temporada.\u00bb][nectar_food_menu_item style=\u00bbline_between\u00bb item_name_heading_tag=\u00bbh4&#8243; item_name=\u00bbAlb\u00f3ndigas de mantilla (tela) con sepia\u00bb text=\u00bb$9&#8243; item_price=\u00bb13,90 \u20ac\u00bb][nectar_food_menu_item style=\u00bbline_between\u00bb item_name_heading_tag=\u00bbh4&#8243; text=\u00bb$9&#8243; item_price=\u00bb15,40\u20ac\u00bb item_name=\u00bbCordero de \u00abCal Tiu\u00ab a la brasa con guarnici\u00f3n\u00bb][nectar_food_menu_item style=\u00bbline_between\u00bb item_name_heading_tag=\u00bbh4&#8243; text=\u00bb$9&#8243; item_price=\u00bb12,10\u20ac\u00bb item_name=\u00bbButifarra de Can Riera a la brasa con patatas nuestras o fesols\u00bb][nectar_food_menu_item style=\u00bbline_between\u00bb item_name_heading_tag=\u00bbh4&#8243; text=\u00bb$9&#8243; item_price=\u00bb15,80 \u20ac\u00bb item_name=\u00bbBistec de la mediana a la brasa\u00bb][nectar_food_menu_item style=\u00bbline_between\u00bb item_name_heading_tag=\u00bbh4&#8243; text=\u00bb$9&#8243; item_price=\u00bb21,90 \u20ac\u00bb item_name=\u00bbEntrecot de la mediana a la brasa\u00bb][nectar_food_menu_item style=\u00bbline_between\u00bb item_name_heading_tag=\u00bbh4&#8243; text=\u00bb$9&#8243; item_price=\u00bb29,80\u20ac\u00bb item_name=\u00bbEl filete de ternera joven con guarnici\u00f3n\u00bb][nectar_food_menu_item style=\u00bbline_between\u00bb item_name_heading_tag=\u00bbh4&#8243; text=\u00bb$9&#8243; item_price=\u00bb15,80 \u20ac\u00bb item_name=\u00bbMuslo de pato confitado con patatas caliu salsa de naranja\u00bb][nectar_food_menu_item style=\u00bbline_between\u00bb item_name_heading_tag=\u00bbh4&#8243; text=\u00bb$9&#8243; item_price=\u00bb45,70\u20ac \/ kg (precio seg\u00fan peso)\u00bb item_name=\u00bbEl \u201cTxulet\u00f3n\u201d\u00bb item_description=\u00bbMadurado 30 d\u00edas, para compartir y disfrutar con guarnici\u00f3n de temporada\u00bb][nectar_food_menu_item style=\u00bbline_between\u00bb item_name_heading_tag=\u00bbh4&#8243; item_name=\u00bbMeloso de ternera con parmentier de patata y salsa rataf\u00eda\u00bb text=\u00bb$9&#8243; item_price=\u00bb18,20\u20ac\u00bb item_description=\u00bbTernera cocinada a baja temperatura, servida con cremoso de patata\u00bb][nectar_food_menu_item style=\u00bbline_between\u00bb item_name_heading_tag=\u00bbh4&#8243; item_name=\u00bbTerrina de paletilla de cordero con reducci\u00f3n de su jugo\u00bb text=\u00bb$9&#8243; item_price=\u00bb19,50\u20ac\u00bb item_description=\u00bbTierna y melosa, cocinada lentamente y con su propio jugo reducido.\u00bb][nectar_food_menu_item style=\u00bbline_between\u00bb item_name_heading_tag=\u00bbh4&#8243; item_name=\u00bbSteak-T\u00e1rtar de vaca madurada al gusto al estilo cl\u00e1sico o natural\u00bb text=\u00bb$9&#8243; item_price=\u00bb29,90\u20ac\u00bb item_description=\u00bb(Picante de 0 a 10, cortado con cuchillo y hecho al momento.)\u00bb][\/vc_column_inner][\/vc_row_inner][vc_row_inner column_margin=\u00bbdefault\u00bb column_direction=\u00bbdefault\u00bb column_direction_tablet=\u00bbdefault\u00bb column_direction_phone=\u00bbdefault\u00bb text_align=\u00bbleft\u00bb row_position=\u00bbdefault\u00bb row_position_tablet=\u00bbinherit\u00bb row_position_phone=\u00bbinherit\u00bb overflow=\u00bbvisible\u00bb pointer_events=\u00bball\u00bb][vc_column_inner column_padding=\u00bbpadding-4-percent\u00bb column_padding_tablet=\u00bbinherit\u00bb column_padding_phone=\u00bbinherit\u00bb column_padding_position=\u00bball\u00bb column_element_direction_desktop=\u00bbdefault\u00bb column_element_spacing=\u00bbdefault\u00bb desktop_text_alignment=\u00bbdefault\u00bb tablet_text_alignment=\u00bbdefault\u00bb phone_text_alignment=\u00bbdefault\u00bb background_color_opacity=\u00bb1&#8243; background_hover_color_opacity=\u00bb1&#8243; column_backdrop_filter=\u00bbnone\u00bb column_shadow=\u00bbnone\u00bb column_border_radius=\u00bbnone\u00bb column_link_target=\u00bb_self\u00bb overflow=\u00bbvisible\u00bb gradient_direction=\u00bbleft_to_right\u00bb overlay_strength=\u00bb0.3&#8243; width=\u00bb1\/2&#8243; tablet_width_inherit=\u00bbdefault\u00bb animation_type=\u00bbdefault\u00bb enable_animation=\u00bbtrue\u00bb animation=\u00bbfade-in\u00bb animation_easing=\u00bbdefault\u00bb bg_image_animation=\u00bbnone\u00bb border_type=\u00bbsimple\u00bb column_border_width=\u00bb1px\u00bb column_border_color=\u00bb#f7f5f0&#8243; column_border_style=\u00bbsolid\u00bb enable_border_animation=\u00bbtrue\u00bb column_padding_type=\u00bbdefault\u00bb gradient_type=\u00bbdefault\u00bb][vc_column_text css=\u00bb.vc_custom_1740165975445{margin-bottom: 30px !important;}\u00bb text_direction=\u00bbdefault\u00bb]\n<h3>Pescados y mariscos<\/h3>\n[\/vc_column_text][nectar_food_menu_item style=\u00bbline_between\u00bb item_name_heading_tag=\u00bbh4&#8243; item_name=\u00bbTataki de at\u00fan rojo con hummus y mayonesa de kimchi\u00bb text=\u00bb$9&#8243; item_price=\u00bb17,90\u20ac\u00bb][nectar_food_menu_item style=\u00bbline_between\u00bb item_name_heading_tag=\u00bbh4&#8243; item_name=\u00bbCalamar de potera a la planxa amb verdures saltejades\u00bb text=\u00bb$9&#8243; item_price=\u00bb16,50\u20ac\u00bb][nectar_food_menu_item style=\u00bbline_between\u00bb item_name_heading_tag=\u00bbh4&#8243; item_name=\u00bbDorada al horno con patata panadera\u00bb text=\u00bb$9&#8243; item_price=\u00bb14,50 \u20ac\u00bb][\/vc_column_inner][vc_column_inner column_padding=\u00bbpadding-4-percent\u00bb column_padding_tablet=\u00bbinherit\u00bb column_padding_phone=\u00bbinherit\u00bb column_padding_position=\u00bball\u00bb column_element_direction_desktop=\u00bbdefault\u00bb column_element_spacing=\u00bbdefault\u00bb desktop_text_alignment=\u00bbdefault\u00bb tablet_text_alignment=\u00bbdefault\u00bb phone_text_alignment=\u00bbdefault\u00bb background_color_opacity=\u00bb1&#8243; background_hover_color_opacity=\u00bb1&#8243; column_backdrop_filter=\u00bbnone\u00bb column_shadow=\u00bbnone\u00bb column_border_radius=\u00bbnone\u00bb column_link_target=\u00bb_self\u00bb overflow=\u00bbvisible\u00bb gradient_direction=\u00bbleft_to_right\u00bb overlay_strength=\u00bb0.3&#8243; width=\u00bb1\/2&#8243; tablet_width_inherit=\u00bbdefault\u00bb animation_type=\u00bbdefault\u00bb enable_animation=\u00bbtrue\u00bb animation=\u00bbfade-in\u00bb animation_easing=\u00bbdefault\u00bb bg_image_animation=\u00bbnone\u00bb border_type=\u00bbsimple\u00bb column_border_width=\u00bb1px\u00bb column_border_color=\u00bb#f7f5f0&#8243; column_border_style=\u00bbsolid\u00bb enable_border_animation=\u00bbtrue\u00bb column_padding_type=\u00bbdefault\u00bb gradient_type=\u00bbdefault\u00bb][\/vc_column_inner][\/vc_row_inner][vc_row_inner column_margin=\u00bbdefault\u00bb column_direction=\u00bbdefault\u00bb column_direction_tablet=\u00bbdefault\u00bb column_direction_phone=\u00bbdefault\u00bb text_align=\u00bbleft\u00bb row_position=\u00bbdefault\u00bb row_position_tablet=\u00bbinherit\u00bb row_position_phone=\u00bbinherit\u00bb overflow=\u00bbvisible\u00bb pointer_events=\u00bball\u00bb][vc_column_inner column_padding=\u00bbpadding-4-percent\u00bb column_padding_tablet=\u00bbinherit\u00bb column_padding_phone=\u00bbinherit\u00bb column_padding_position=\u00bball\u00bb column_element_direction_desktop=\u00bbdefault\u00bb column_element_spacing=\u00bbdefault\u00bb desktop_text_alignment=\u00bbdefault\u00bb tablet_text_alignment=\u00bbdefault\u00bb phone_text_alignment=\u00bbdefault\u00bb background_color_opacity=\u00bb1&#8243; background_hover_color_opacity=\u00bb1&#8243; column_backdrop_filter=\u00bbnone\u00bb column_shadow=\u00bbnone\u00bb column_border_radius=\u00bbnone\u00bb column_link_target=\u00bb_self\u00bb overflow=\u00bbvisible\u00bb gradient_direction=\u00bbleft_to_right\u00bb overlay_strength=\u00bb0.3&#8243; width=\u00bb1\/2&#8243; tablet_width_inherit=\u00bbdefault\u00bb animation_type=\u00bbdefault\u00bb enable_animation=\u00bbtrue\u00bb animation=\u00bbfade-in\u00bb animation_easing=\u00bbdefault\u00bb bg_image_animation=\u00bbnone\u00bb border_type=\u00bbsimple\u00bb column_border_width=\u00bb1px\u00bb column_border_color=\u00bb#f7f5f0&#8243; column_border_style=\u00bbsolid\u00bb enable_border_animation=\u00bbtrue\u00bb column_padding_type=\u00bbdefault\u00bb gradient_type=\u00bbdefault\u00bb][vc_column_text css=\u00bb.vc_custom_1720539265639{margin-bottom: 30px !important;}\u00bb text_direction=\u00bbdefault\u00bb]\n<h3>Y de dulce a la carta<\/h3>\n[\/vc_column_text][vc_column_text css=\u00bb.vc_custom_1720539293513{margin-bottom: 30px !important;}\u00bb text_direction=\u00bbdefault\u00bb]\n<h5>postres de elaboraci\u00f3n propia al momento, tiempo de espera 10 minutos m\u00edn.<\/h5>\n[\/vc_column_text][nectar_food_menu_item style=\u00bbline_between\u00bb item_name_heading_tag=\u00bbh4&#8243; text=\u00bb$9&#8243; item_price=\u00bb19,50\u20ac\u00bb item_name=\u00bbTabla de quesos de proximidad con mermeladas de temporada\u00bb item_description=\u00bbXiroi de vaca de \u201cLa Xiquella\u201d, Mol\u00ed del Perer de vaca, Llanut de oveja ripollesa Mas Marc\u00e8, Garrotxa de cabra \u201cBauma\u201d, Ideal para compartir.\u00bb][nectar_food_menu_item style=\u00bbline_between\u00bb item_name_heading_tag=\u00bbh4&#8243; text=\u00bb$9&#8243; item_price=\u00bb9,10\u20ac\u00bb item_name=\u00bbFondue de chocolate con fruta de temporada\u00bb item_description=\u00bbbizcocho de farro de Bianya y alforf\u00f3n de Batet de la Serra. (ideal para compartir)\u00bb][nectar_food_menu_item style=\u00bbline_between\u00bb item_name_heading_tag=\u00bbh4&#8243; text=\u00bb$9&#8243; item_price=\u00bb7,50\u20ac\u00bb item_name=\u00bbVolcanet\u00bb item_description=\u00bbde chocolate negro con helado de coco (vagano y sin lactosa)\u00bb][nectar_food_menu_item style=\u00bbline_between\u00bb item_name_heading_tag=\u00bbh4&#8243; text=\u00bb$9&#8243; item_price=\u00bb7,20\u20ac\u00bb item_name=\u00bb\u00a1La Torrija de Santa Teresa con versi\u00f3n!\u00bb item_description=\u00bbde rosc\u00f3n de Olot de Can Carbasseres con leche de oveja ripollesa, melocot\u00f3n y helado de caramelo salado\u00bb][nectar_food_menu_item style=\u00bbline_between\u00bb item_name_heading_tag=\u00bbh4&#8243; text=\u00bb$9&#8243; item_price=\u00bb7,20\u20ac\u00bb item_name=\u00bbTatin de manzana de Girona\u00bb item_description=\u00bbcon toffee y helado de vainilla\u00bb][nectar_food_menu_item style=\u00bbline_between\u00bb item_name_heading_tag=\u00bbh4&#8243; text=\u00bb$9&#8243; item_price=\u00bb7,20\u20ac\u00bb item_name=\u00bb\u00abXuixo\u00ab relleno de crema a la brasa con helado y reducci\u00f3n de rataf\u00eda Russet\u00bb][nectar_food_menu_item style=\u00bbline_between\u00bb item_name_heading_tag=\u00bbh4&#8243; text=\u00bb$9&#8243; item_price=\u00bb6,20\u20ac\u00bb item_name=\u00bbTarta de queso fresco de cabra Bauma.\u00bb][nectar_food_menu_item style=\u00bbline_between\u00bb item_name_heading_tag=\u00bbh4&#8243; text=\u00bb$9&#8243; item_price=\u00bb5,00\u20ac\u00bb item_name=\u00bbSurtido de galletas \u00ablocuras volc\u00e1nicas\u00ab\u00bb][nectar_food_menu_item style=\u00bbline_between\u00bb item_name_heading_tag=\u00bbh4&#8243; text=\u00bb$9&#8243; item_price=\u00bb5,50\u20ac\u00bb item_name=\u00bbRecuit de \u201cCal Vigat\u00e0\u201d con miel y crumble de nueces\u00bb][nectar_food_menu_item style=\u00bbline_between\u00bb item_name_heading_tag=\u00bbh4&#8243; text=\u00bb$9&#8243; item_price=\u00bb5,10\u20ac\u00bb item_name=\u00bbCrema catalana quemada con carquinyolis de farro de Bianya\u00bb][nectar_food_menu_item style=\u00bbline_between\u00bb item_name_heading_tag=\u00bbh4&#8243; text=\u00bb$9&#8243; item_price=\u00bb5,20\u20ac\u00bb item_name=\u00bbPanna cotta de vainilla\u00bb item_description=\u00bby coulis de fresas y helado de chocolate\u00bb][nectar_food_menu_item style=\u00bbline_between\u00bb item_name_heading_tag=\u00bbh4&#8243; text=\u00bb$9&#8243; item_price=\u00bb6,20\u20ac\u00bb item_name=\u00bbPastel del carro de postres\u00bb][\/vc_column_inner][vc_column_inner column_padding=\u00bbpadding-4-percent\u00bb column_padding_tablet=\u00bbinherit\u00bb column_padding_phone=\u00bbinherit\u00bb column_padding_position=\u00bball\u00bb column_element_direction_desktop=\u00bbdefault\u00bb column_element_spacing=\u00bbdefault\u00bb desktop_text_alignment=\u00bbdefault\u00bb tablet_text_alignment=\u00bbdefault\u00bb phone_text_alignment=\u00bbdefault\u00bb background_color_opacity=\u00bb1&#8243; background_hover_color_opacity=\u00bb1&#8243; column_backdrop_filter=\u00bbnone\u00bb column_shadow=\u00bbnone\u00bb column_border_radius=\u00bbnone\u00bb column_link_target=\u00bb_self\u00bb overflow=\u00bbvisible\u00bb gradient_direction=\u00bbleft_to-right\u00bb overlay_strength=\u00bb0.3&#8243; width=\u00bb1\/2&#8243; tablet_width_inherit=\u00bbdefault\u00bb animation_type=\u00bbdefault\u00bb enable_animation=\u00bbtrue\u00bb animation=\u00bbfade-in\u00bb animation_easing=\u00bbdefault\u00bb bg_image_animation=\u00bbnone\u00bb border_type=\u00bbsimple\u00bb column_border_width=\u00bb1px\u00bb column_border_color=\u00bb#f7f5f0&#8243; column_border_style=\u00bbsolid\u00bb enable_border_animation=\u00bbtrue\u00bb column_padding_type=\u00bbdefault\u00bb gradient_type=\u00bbdefault\u00bb][vc_column_text css=\u00bb.vc_custom_1720539719296{margin-bottom: 30px !important;}\u00bb text_direction=\u00bbdefault\u00bb]\n<h3>Para acompa\u00f1ar con los postres (5 cl)<\/h3>\n[\/vc_column_text][nectar_food_menu_item style=\u00bbline_between\u00bb item_name_heading_tag=\u00bbh4&#8243; item_name=\u00bbRataf\u00eda Russet\u00bb text=\u00bb$9&#8243; item_price=\u00bb3,40\u20ac\u00bb][nectar_food_menu_item style=\u00bbline_between\u00bb item_name_heading_tag=\u00bbh4&#8243; item_name=\u00bbMoscatel del Empord\u00e0. Celler Espolla\u00bb text=\u00bb$9&#8243; item_price=\u00bb3,00\u20ac\u00bb][nectar_food_menu_item style=\u00bbline_between\u00bb item_name_heading_tag=\u00bbh4&#8243; item_name=\u00bbSinols Garnacha del Empord\u00e0\u00bb text=\u00bb$9&#8243; item_price=\u00bb3,00\u20ac\u00bb][nectar_food_menu_item style=\u00bbline_between\u00bb item_name_heading_tag=\u00bbh4&#8243; item_name=\u00bbM\u00e1laga Virgen Pedro Xim\u00e9nez Sherry, DO Jerez\u00bb text=\u00bb$9&#8243; item_price=\u00bb4,90\u20ac\u00bb][nectar_food_menu_item style=\u00bbline_between\u00bb item_name_heading_tag=\u00bbh4&#8243; item_name=\u00bbHarveys Pedro Xim\u00e9nez Sherry, DO Jerez\u00bb text=\u00bb$9&#8243; item_price=\u00bb4,90\u20ac\u00bb][nectar_food_menu_item style=\u00bbline_between\u00bb item_name_heading_tag=\u00bbh4&#8243; item_name=\u00bbPedro Xim\u00e9nez Lustau, DO Jerez\u00bb text=\u00bb$9&#8243; item_price=\u00bb4,90\u20ac\u00bb][nectar_food_menu_item style=\u00bbline_between\u00bb item_name_heading_tag=\u00bbh4&#8243; item_name=\u00bbDow\u2019s Porto\u00bb text=\u00bb$9&#8243; item_price=\u00bb5,90\u20ac\u00bb][nectar_food_menu_item style=\u00bbline_between\u00bb item_name_heading_tag=\u00bbh4&#8243; item_name=\u00bbSambukina Muskir\u00bb text=\u00bb$9&#8243; item_price=\u00bb22,35\u20ac\u00bb item_description=\u00bb(Edici\u00f3n cer\u00e1mica) 37.5 cl. Fermentaci\u00f3n de una receta de flores y d\u00e1tiles en tina de cer\u00e1mica. Relato del al-\u00c1ndalus. Les Preses.\u00bb][\/vc_column_inner][\/vc_row_inner][vc_column_text css=\u00bb.vc_custom_1720540034313{margin-bottom: 30px !important;}\u00bb text_direction=\u00bbdefault\u00bb]\n<h5>Los envases y bolsas se cobran 0,30 \u20ac por unidad.<\/h5>\n[\/vc_column_text][\/tab][tab icon_family=\u00bbnone\u00bb title=\u00bbNuestra bodega\u00bb id=\u00bb1761231065403-6&#8243; tab_id=\u00bb1761231065403-3&#8243;][vc_row_inner column_margin=\u00bbdefault\u00bb column_direction=\u00bbdefault\u00bb column_direction_tablet=\u00bbdefault\u00bb column_direction_phone=\u00bbdefault\u00bb top_padding=\u00bb30&#8243; text_align=\u00bbleft\u00bb row_position=\u00bbdefault\u00bb row_position_tablet=\u00bbinherit\u00bb row_position_phone=\u00bbinherit\u00bb overflow=\u00bbvisible\u00bb pointer_events=\u00bball\u00bb events=\u00bball\u00bb][vc_column_inner column_padding=\u00bbno-extra-padding\u00bb column_padding_tablet=\u00bbinherit\u00bb column_padding_phone=\u00bbinherit\u00bb column_padding_position=\u00bball\u00bb column_element_direction_desktop=\u00bbdefault\u00bb column_element_spacing=\u00bbdefault\u00bb centered_text=\u00bbtrue\u00bb desktop_text_alignment=\u00bbdefault\u00bb tablet_text_alignment=\u00bbdefault\u00bb phone_text_alignment=\u00bbdefault\u00bb background_color_opacity=\u00bb1&#8243; background_hover_color_opacity=\u00bb1&#8243; column_backdrop_filter=\u00bbnone\u00bb column_shadow=\u00bbnone\u00bb column_border_radius=\u00bbnone\u00bb column_link_target=\u00bb_self\u00bb overflow=\u00bbvisible\u00bb gradient_direction=\u00bbleft_to_right\u00bb overlay_strength=\u00bb0.3&#8243; width=\u00bbnone\u00bb tablet_width_inherit=\u00bbdefault\u00bb animation_type=\u00bbdefault\u00bb bg_image_animation=\u00bbnone\u00bb border_type=\u00bbsimple\u00bb column_border_width=\u00bbnone\u00bb column_border_style=\u00bbsolid\u00bb element_direction_desktop=\u00bbdefault\u00bb element_spacing=\u00bbdefault\u00bb backdrop_filter=\u00bbnone\u00bb shadow=\u00bbnone\u00bb border_radius=\u00bbnone\u00bb link_target=\u00bb_self\u00bb direction=\u00bbleft-to-right\u00bb strength=\u00bb0.3&#8243; inherit=\u00bbdefault\u00bb type=\u00bbdefault\u00bb style=\u00bbsolid\u00bb][nectar_btn size=\u00bbmedium\u00bb open_new_tab=\u00bbtrue\u00bb button_style=\u00bbregular\u00bb button_color_2=\u00bbAccent-Color\u00bb icon_family=\u00bbnone\u00bb text=\u00bbNUESTRA BODEGA\u00bb url=\u00bbhttps:\/\/web.winerim.com\/laquintajusta\u00bb][image_with_animation image_url=\u00bb446&#8243; image_size=\u00bbfull\u00bb animation_type=\u00bbentrance\u00bb animation=\u00bbNone\u00bb animation_movement_type=\u00bbtransform_y\u00bb hover_animation=\u00bbnone\u00bb alignment=\u00bb\u00bb border_radius=\u00bbnone\u00bb box_shadow=\u00bbnone\u00bb image_loading=\u00bbdefault\u00bb max_width=\u00bb100%\u00bb max_width_mobile=\u00bbdefault\u00bb][\/vc_column_inner][\/vc_row_inner][\/tab][tab icon_family=\u00bbnone\u00bb title=\u00bbMen\u00fa para los m\u00e1s peque\u00f1os\u00bb id=\u00bb1761231065473-5&#8243; tab_id=\u00bb1761231065473-0&#8243;][vc_row_inner column_margin=\u00bbdefault\u00bb column_direction=\u00bbdefault\u00bb column_direction_tablet=\u00bbdefault\u00bb column_direction_phone=\u00bbdefault\u00bb top_padding=\u00bb30&#8243; text_align=\u00bbleft\u00bb row_position=\u00bbdefault\u00bb row_position_tablet=\u00bbinherit\u00bb row_position_phone=\u00bbinherit\u00bb overflow=\u00bbvisible\u00bb pointer_events=\u00bball\u00bb events=\u00bball\u00bb][vc_column_inner column_padding=\u00bbno-extra-padding\u00bb column_padding_tablet=\u00bbinherit\u00bb column_padding_phone=\u00bbinherit\u00bb column_padding_position=\u00bball\u00bb column_element_direction_desktop=\u00bbdefault\u00bb column_element_spacing=\u00bbdefault\u00bb centered_text=\u00bbtrue\u00bb desktop_text_alignment=\u00bbdefault\u00bb tablet_text_alignment=\u00bbdefault\u00bb phone_text_alignment=\u00bbdefault\u00bb background_color_opacity=\u00bb1&#8243; background_hover_color_opacity=\u00bb1&#8243; column_backdrop_filter=\u00bbnone\u00bb column_shadow=\u00bbnone\u00bb column_border_radius=\u00bbnone\u00bb column_link_target=\u00bb_self\u00bb overflow=\u00bbvisible\u00bb gradient_direction=\u00bbleft_to_right\u00bb overlay_strength=\u00bb0.3&#8243; width=\u00bbnone\u00bb tablet_width_inherit=\u00bbdefault\u00bb animation_type=\u00bbdefault\u00bb bg_image_animation=\u00bbnone\u00bb border_type=\u00bbsimple\u00bb column_border_width=\u00bbnone\u00bb column_border_style=\u00bbsolid\u00bb backdrop_filter=\u00bbnone\u00bb shadow=\u00bbnone\u00bb border_radius=\u00bbnone\u00bb link_target=\u00bb_self\u00bb direction=\u00bbleft-to-right\u00bb strength=\u00bb0.3&#8243; inherit=\u00bbdefault\u00bb type=\u00bbdefault\u00bb style=\u00bbsolid\u00bb][vc_column_text text_direction=\u00bbdefault\u00bb]\n<h3>Men\u00fa para los m\u00e1s peque\u00f1os 16,10\u20ac<\/h3>\n<p><em>* Hasta 9 a\u00f1os<\/em>[\/vc_column_text][vc_column_text css=\u00bb.vc_custom_1720555665788{margin-bottom: 30px !important;}\u00bb text_direction=\u00bbdefault\u00bb]Plato a escoger + postres.<\/p>\n<p>Cocina abierta de 13h a 15h30 y de 20h a 22h30, restaurante abierto de 13h a 17h y de 20h a 00h30.<\/p>\n<p>Este men\u00fa incluye 1\/2 litro de agua mineral y pan del horno de le\u00f1a de los Hostalets. Los men\u00fas no se pueden compartir.[\/vc_column_text][\/vc_column_inner][\/vc_row_inner][vc_row_inner column_margin=\u00bbdefault\u00bb column_direction=\u00bbdefault\u00bb column_direction_tablet=\u00bbdefault\u00bb column_direction_phone=\u00bbdefault\u00bb text_align=\u00bbleft\u00bb row_position=\u00bbdefault\u00bb row_position_tablet=\u00bbinherit\u00bb row_position_phone=\u00bbinherit\u00bb overflow=\u00bbvisible\u00bb pointer_events=\u00bball\u00bb events=\u00bball\u00bb][vc_column_inner column_padding=\u00bbpadding-4-percent\u00bb column_padding_tablet=\u00bbinherit\u00bb column_padding_phone=\u00bbinherit\u00bb column_padding_position=\u00bball\u00bb column_element_direction_desktop=\u00bbdefault\u00bb column_element_spacing=\u00bbdefault\u00bb desktop_text_alignment=\u00bbdefault\u00bb tablet_text_alignment=\u00bbdefault\u00bb phone_text_alignment=\u00bbdefault\u00bb background_color_opacity=\u00bb1&#8243; background_hover_color_opacity=\u00bb1&#8243; column_backdrop_filter=\u00bbnone\u00bb column_shadow=\u00bbnone\u00bb column_border_radius=\u00bbnone\u00bb column_link_target=\u00bb_self\u00bb overflow=\u00bbvisible\u00bb gradient_direction=\u00bbleft_to_right\u00bb overlay_strength=\u00bb0.3&#8243; width=\u00bb1\/2&#8243; tablet_width_inherit=\u00bbdefault\u00bb animation_type=\u00bbdefault\u00bb bg_image_animation=\u00bbnone\u00bb border_type=\u00bbsimple\u00bb column_border_width=\u00bb1px\u00bb column_border_color=\u00bb#f7f5f0&#8243; column_border_style=\u00bbsolid\u00bb enable_border_animation=\u00bbtrue\u00bb backdrop_filter=\u00bbnone\u00bb shadow=\u00bbnone\u00bb border_radius=\u00bbnone\u00bb link_target=\u00bb_self\u00bb direction=\u00bbleft-to-right\u00bb strength=\u00bb0.3&#8243; inherit=\u00bbdefault\u00bb type=\u00bbdefault\u00bb easing=\u00bbdefault\u00bb color=\u00bb#f7f5f0&#8243; style=\u00bbsolid\u00bb column_padding_type=\u00bbdefault\u00bb gradient_type=\u00bbdefault\u00bb][vc_column_text css=\u00bb.vc_custom_1720555576717{margin-bottom: 30px !important;}\u00bb text_direction=\u00bbdefault\u00bb]\n<h3>Plato principal a escoger<\/h3>\n[\/vc_column_text]<div class=\"nectar-fancy-ul\" data-list-icon=\"icon-salient-thin-line\" data-animation=\"false\" data-animation-delay=\"0\" data-color=\"accent-color\" data-spacing=\"default\" data-alignment=\"left\"> \n<ul>\n<li>Macarrones a la cazuela con queso parmesano.<\/li>\n<li>Fingers de pollo empanado con guarnici\u00f3n.<\/li>\n<li>Pescado del d\u00eda con guarnici\u00f3n.<\/li>\n<li>Hamburguesa \u201cNatrus\u201d de ternera con guarnici\u00f3n.<\/li>\n<li><em>La guarnici\u00f3n de los platos pueden ser verduras, pur\u00e9 de patatas, patata asada, patatas caseras fritas o ensalada.<\/em><\/li>\n<\/ul>\n <\/div>[\/vc_column_inner][vc_column_inner column_padding=\u00bbpadding-4-percent\u00bb column_padding_tablet=\u00bbinherit\u00bb column_padding_phone=\u00bbinherit\u00bb column_padding_position=\u00bball\u00bb column_element_direction_desktop=\u00bbdefault\u00bb column_element_spacing=\u00bbdefault\u00bb desktop_text_alignment=\u00bbdefault\u00bb tablet_text_alignment=\u00bbdefault\u00bb phone_text_alignment=\u00bbdefault\u00bb background_color_opacity=\u00bb1&#8243; background_hover_color_opacity=\u00bb1&#8243; column_backdrop_filter=\u00bbnone\u00bb column_shadow=\u00bbnone\u00bb column_border_radius=\u00bbnone\u00bb column_link_target=\u00bb_self\u00bb overflow=\u00bbvisible\u00bb gradient_direction=\u00bbleft_to_right\u00bb overlay_strength=\u00bb0.3&#8243; width=\u00bb1\/2&#8243; tablet_width_inherit=\u00bbdefault\u00bb animation_type=\u00bbdefault\u00bb bg_image_animation=\u00bbnone\u00bb border_type=\u00bbsimple\u00bb column_border_width=\u00bb1px\u00bb column_border_color=\u00bb#f7f5f0&#8243; column_border_style=\u00bbsolid\u00bb enable_border_animation=\u00bbtrue\u00bb backdrop_filter=\u00bbnone\u00bb shadow=\u00bbnone\u00bb border_radius=\u00bbnone\u00bb link_target=\u00bb_self\u00bb direction=\u00bbleft-to-right\u00bb strength=\u00bb0.3&#8243; inherit=\u00bbdefault\u00bb type=\u00bbdefault\u00bb easing=\u00bbdefault\u00bb color=\u00bb#f7f5f0&#8243; style=\u00bbsolid\u00bb column_padding_type=\u00bbdefault\u00bb gradient_type=\u00bbdefault\u00bb][vc_column_text css=\u00bb.vc_custom_1720555603685{margin-bottom: 30px !important;}\u00bb text_direction=\u00bbdefault\u00bb]\n<h3>Y de postres<\/h3>\n[\/vc_column_text]<div class=\"nectar-fancy-ul\" data-list-icon=\"icon-salient-thin-line\" data-animation=\"false\" data-animation-delay=\"0\" data-color=\"accent-color\" data-spacing=\"default\" data-alignment=\"left\"> \n<ul>\n<li>Crema catalana de la casa.<\/li>\n<li>Yogur natural de la granja \u201cLa Fageda\u201d.<\/li>\n<li>Terrina de helado: fresa, chocolate o lim\u00f3n.<\/li>\n<li>Helado de corte Sandro Desii con galleta: chocolate, nata, vainilla o turr\u00f3n de Jijona.<\/li>\n<li>Surido de fruta natural.<\/li>\n<li>Pastel del d\u00eda.<\/li>\n<\/ul>\n <\/div>[\/vc_column_inner][\/vc_row_inner][\/tab][tab icon_family=\u00bbnone\u00bb title=\u00bbMen\u00fa para grupos\u00bb id=\u00bb1761231065624-9&#8243; tab_id=\u00bb1761231065624-1&#8243;][vc_row_inner column_margin=\u00bbdefault\u00bb column_direction=\u00bbdefault\u00bb column_direction_tablet=\u00bbdefault\u00bb column_direction_phone=\u00bbdefault\u00bb top_padding=\u00bb30&#8243; text_align=\u00bbleft\u00bb row_position=\u00bbdefault\u00bb row_position_tablet=\u00bbinherit\u00bb row_position_phone=\u00bbinherit\u00bb overflow=\u00bbvisible\u00bb pointer_events=\u00bball\u00bb events=\u00bball\u00bb][vc_column_inner column_padding=\u00bbno-extra-padding\u00bb column_padding_tablet=\u00bbinherit\u00bb column_padding_phone=\u00bbinherit\u00bb column_padding_position=\u00bball\u00bb column_element_direction_desktop=\u00bbdefault\u00bb column_element_spacing=\u00bbdefault\u00bb centered_text=\u00bbtrue\u00bb desktop_text_alignment=\u00bbdefault\u00bb tablet_text_alignment=\u00bbdefault\u00bb phone_text_alignment=\u00bbdefault\u00bb background_color_opacity=\u00bb1&#8243; background_hover_color_opacity=\u00bb1&#8243; column_backdrop_filter=\u00bbnone\u00bb column_shadow=\u00bbnone\u00bb column_border_radius=\u00bbnone\u00bb column_link_target=\u00bb_self\u00bb overflow=\u00bbvisible\u00bb gradient_direction=\u00bbleft_to_right\u00bb overlay_strength=\u00bb0.3&#8243; width=\u00bbnone\u00bb tablet_width_inherit=\u00bbdefault\u00bb animation_type=\u00bbdefault\u00bb bg_image_animation=\u00bbnone\u00bb border_type=\u00bbsimple\u00bb column_border_width=\u00bbnone\u00bb column_border_style=\u00bbsolid\u00bb element_direction_desktop=\u00bbdefault\u00bb element_spacing=\u00bbdefault\u00bb backdrop_filter=\u00bbnone\u00bb shadow=\u00bbnone\u00bb border_radius=\u00bbnone\u00bb link_target=\u00bb_self\u00bb direction=\u00bbleft-to-right\u00bb strength=\u00bb0.3&#8243; inherit=\u00bbdefault\u00bb type=\u00bbdefault\u00bb style=\u00bbsolid\u00bb][vc_column_text text_direction=\u00bbdefault\u00bb]\n<h3>Men\u00fa para grupos<\/h3>\n[\/vc_column_text][vc_column_text css=\u00bb.vc_custom_1727081531634{margin-bottom: 30px !important;}\u00bb text_direction=\u00bbdefault\u00bb]Un men\u00fa a vuestro gusto.<br \/>\nDaremos salida a las preferencias que nos sugir\u00e1is, crearemos una complicidad entre ambas partes.[\/vc_column_text][nectar_btn size=\u00bbmedium\u00bb open_new_tab=\u00bbtrue\u00bb button_style=\u00bbregular\u00bb button_color_2=\u00bbAccent-Color\u00bb icon_family=\u00bbnone\u00bb text=\u00bbMen\u00fa para grupos\u00bb url=\u00bbhttps:\/\/www.laquintabotiga.cat\/menus-grups-nadal\/\u00bb][image_with_animation image_url=\u00bb450&#8243; image_size=\u00bbfull\u00bb animation_type=\u00bbentrance\u00bb animation=\u00bbNone\u00bb animation_movement_type=\u00bbtransform_y\u00bb hover_animation=\u00bbnone\u00bb alignment=\u00bb\u00bb border_radius=\u00bbnone\u00bb box_shadow=\u00bbnone\u00bb image_loading=\u00bbdefault\u00bb max_width=\u00bb100%\u00bb max_width_mobile=\u00bbdefault\u00bb][\/vc_column_inner][\/vc_row_inner][\/tab][\/tabbed_section][\/vc_column][\/vc_row]\n","protected":false},"excerpt":{"rendered":"<p>[vc_row type=\u00bbfull_width_background\u00bb full_screen_row_position=\u00bbmiddle\u00bb column_margin=\u00bbdefault\u00bb column_direction=\u00bbdefault\u00bb column_direction_tablet=\u00bbdefault\u00bb column_direction_phone=\u00bbdefault\u00bb bg_color=\u00bb#f7f5f0&#8243; scene_position=\u00bbcenter\u00bb top_padding=\u00bb50&#8243; bottom_padding=\u00bb50&#8243; text_color=\u00bbdark\u00bb text_align=\u00bbleft\u00bb row_border_radius=\u00bbnone\u00bb row_border_radius_applies=\u00bbbg\u00bb overflow=\u00bbvisible\u00bb overlay_strength=\u00bb0.3&#8243; gradient_direction=\u00bbleft_to_right\u00bb shape_divider_position=\u00bbbottom\u00bb bg_image_animation=\u00bbnone\u00bb gradient_type=\u00bbdefault\u00bb shape_type=\u00bb\u00bb][vc_column column_padding=\u00bbno-extra-padding\u00bb column_padding_tablet=\u00bbinherit\u00bb column_padding_phone=\u00bbinherit\u00bb column_padding_position=\u00bball\u00bb column_element_direction_desktop=\u00bbdefault\u00bb column_element_spacing=\u00bbdefault\u00bb desktop_text_alignment=\u00bbdefault\u00bb tablet_text_alignment=\u00bbdefault\u00bb&#8230;<\/p>\n","protected":false},"author":4,"featured_media":0,"parent":0,"menu_order":0,"comment_status":"closed","ping_status":"closed","template":"","meta":{"footnotes":""},"class_list":["post-685","page","type-page","status-publish"],"_links":{"self":[{"href":"https:\/\/www.laquintajusta.cat\/es\/wp-json\/wp\/v2\/pages\/685","targetHints":{"allow":["GET"]}}],"collection":[{"href":"https:\/\/www.laquintajusta.cat\/es\/wp-json\/wp\/v2\/pages"}],"about":[{"href":"https:\/\/www.laquintajusta.cat\/es\/wp-json\/wp\/v2\/types\/page"}],"author":[{"embeddable":true,"href":"https:\/\/www.laquintajusta.cat\/es\/wp-json\/wp\/v2\/users\/4"}],"replies":[{"embeddable":true,"href":"https:\/\/www.laquintajusta.cat\/es\/wp-json\/wp\/v2\/comments?post=685"}],"version-history":[{"count":226,"href":"https:\/\/www.laquintajusta.cat\/es\/wp-json\/wp\/v2\/pages\/685\/revisions"}],"predecessor-version":[{"id":1917,"href":"https:\/\/www.laquintajusta.cat\/es\/wp-json\/wp\/v2\/pages\/685\/revisions\/1917"}],"wp:attachment":[{"href":"https:\/\/www.laquintajusta.cat\/es\/wp-json\/wp\/v2\/media?parent=685"}],"curies":[{"name":"wp","href":"https:\/\/api.w.org\/{rel}","templated":true}]}}